{"id":1587,"date":"2024-10-25T12:52:16","date_gmt":"2024-10-25T11:52:16","guid":{"rendered":"https:\/\/estudidemusica.cat\/?page_id=1587"},"modified":"2026-04-08T10:25:16","modified_gmt":"2026-04-08T09:25:16","slug":"lestudi","status":"publish","type":"page","link":"https:\/\/estudidemusica.cat\/es\/lestudi\/","title":{"rendered":"L&#8217;Estudi"},"content":{"rendered":"<p>[et_pb_section fb_built=&#8221;1&#8243; admin_label=&#8221;Matricula oberta&#8221; _builder_version=&#8221;4.25.2&#8243; _module_preset=&#8221;default&#8221; background_color=&#8221;gcid-de410f6c-5bd3-423b-b77c-9d012dbe6850&#8243; custom_margin=&#8221;-39px||-39px||false|&#8221; custom_padding=&#8221;45px|||||&#8221; global_colors_info=&#8221;{%22gcid-de410f6c-5bd3-423b-b77c-9d012dbe6850%22:%91%22background_color%22%93}&#8221;][et_pb_row column_structure=&#8221;3_5,2_5&#8243; make_equal=&#8221;on&#8221; _builder_version=&#8221;4.27.4&#8243; _module_preset=&#8221;default&#8221; width=&#8221;100%&#8221; max_width=&#8221;1960px&#8221; module_alignment=&#8221;center&#8221; custom_margin=&#8221;|auto||auto|false|false&#8221; custom_padding=&#8221;||||true|false&#8221; global_colors_info=&#8221;{}&#8221;][et_pb_column type=&#8221;3_5&#8243; _builder_version=&#8221;4.25.2&#8243; _module_preset=&#8221;default&#8221; custom_padding=&#8221;|0px||25%|false|false&#8221; custom_padding_tablet=&#8221;|0px||25%|false|false&#8221; custom_padding_phone=&#8221;|0px||25px|false|false&#8221; custom_padding_last_edited=&#8221;on|desktop&#8221; custom_css_main_element=&#8221;display: flex; ||flex-direction: column; ||justify-content: center;&#8221; global_colors_info=&#8221;{}&#8221;][et_pb_heading title=&#8221;Som cooperativa.&#8221; _builder_version=&#8221;4.27.4&#8243; _module_preset=&#8221;default&#8221; title_font=&#8221;&#8211;et_global_heading_font|&#8211;et_global_heading_font_weight|||||||&#8221; title_text_align=&#8221;left&#8221; title_text_color=&#8221;#FFFFFF&#8221; title_font_size=&#8221;5.5em&#8221; module_alignment=&#8221;right&#8221; min_height=&#8221;114px&#8221; title_font_size_tablet=&#8221;5.5em&#8221; title_font_size_phone=&#8221;4em&#8221; title_font_size_last_edited=&#8221;on|phone&#8221; global_colors_info=&#8221;{}&#8221;][\/et_pb_heading][et_pb_heading title=&#8221;M\u00e9s de 40 anys formant.&#8221; _builder_version=&#8221;4.27.4&#8243; _module_preset=&#8221;default&#8221; title_font=&#8221;Open Sauce One regular|500|||||||&#8221; title_text_align=&#8221;left&#8221; title_text_color=&#8221;#FFFFFF&#8221; title_font_size=&#8221;4em&#8221; module_alignment=&#8221;right&#8221; custom_margin=&#8221;||20px||false|false&#8221; title_font_size_tablet=&#8221;4em&#8221; title_font_size_phone=&#8221;3em&#8221; title_font_size_last_edited=&#8221;on|phone&#8221; global_colors_info=&#8221;{}&#8221;][\/et_pb_heading][\/et_pb_column][et_pb_column type=&#8221;2_5&#8243; _builder_version=&#8221;4.25.2&#8243; _module_preset=&#8221;default&#8221; custom_css_main_element=&#8221;display: flex; ||flex-direction: column; ||justify-content: center;&#8221; global_colors_info=&#8221;{}&#8221;][et_pb_image src=&#8221;https:\/\/estudidemusica.cat\/wp-content\/uploads\/2024\/10\/Recurso-1.png&#8221; title_text=&#8221;Recurso 1&#8243; align=&#8221;right&#8221; _builder_version=&#8221;4.25.2&#8243; _module_preset=&#8221;default&#8221; width=&#8221;100%&#8221; custom_margin=&#8221;|-50px|||false|false&#8221; global_colors_info=&#8221;{}&#8221;][\/et_pb_image][\/et_pb_column][\/et_pb_row][\/et_pb_section][et_pb_section fb_built=&#8221;1&#8243; admin_label=&#8221;Matricula oberta&#8221; _builder_version=&#8221;4.25.2&#8243; _module_preset=&#8221;default&#8221; background_color=&#8221;#FFFFFF&#8221; global_colors_info=&#8221;{}&#8221;][et_pb_row column_structure=&#8221;1_2,1_2&#8243; make_equal=&#8221;on&#8221; _builder_version=&#8221;4.27.4&#8243; _module_preset=&#8221;default&#8221; width=&#8221;100%&#8221; max_width=&#8221;100%&#8221; module_alignment=&#8221;center&#8221; custom_margin=&#8221;30px||30px||false|false&#8221; custom_padding=&#8221;0px||0px||true|false&#8221; global_colors_info=&#8221;{}&#8221;][et_pb_column type=&#8221;1_2&#8243; _builder_version=&#8221;4.25.2&#8243; _module_preset=&#8221;default&#8221; custom_padding=&#8221;|15%|50px|15%|false|false&#8221; custom_css_main_element=&#8221;display: flex; ||flex-direction: column; ||justify-content: center;&#8221; global_colors_info=&#8221;{}&#8221;][et_pb_heading title=&#8221;L\u2019Estudi&#8221; _builder_version=&#8221;4.25.2&#8243; _module_preset=&#8221;default&#8221; title_font=&#8221;&#8211;et_global_heading_font|&#8211;et_global_heading_font_weight|||||||&#8221; title_text_color=&#8221;#000000&#8243; title_font_size=&#8221;5.5em&#8221; global_colors_info=&#8221;{}&#8221;][\/et_pb_heading][et_pb_text _builder_version=&#8221;4.27.4&#8243; _module_preset=&#8221;default&#8221; text_font=&#8221;&#8211;et_global_body_font||||||||&#8221; text_font_size=&#8221;20px&#8221; global_colors_info=&#8221;{}&#8221;]<\/p>\n<p>\u201cL\u2019Estudi de M\u00fasica\u201d de Tarragona \u00e9s una escola de m\u00fasica privada, autoritzada per la Generalitat de Catalunya i amb m\u00e9s de 40 anys d\u2019experi\u00e8ncia en l\u2019ensenyament musical.<\/p>\n<p>El nostre professorat comparteix la il\u00b7lusi\u00f3 d&#8217;apropar la m\u00fasica a l&#8217;alumnat d&#8217;una manera diferent, propera i eficient, compta amb la formaci\u00f3 i experi\u00e8ncia necess\u00e0ries per a impartir les classes i comparteix la nostra filosofia i objectius, prioritzant l\u2019aven\u00e7 de l\u2019alumne.<\/p>\n<p>El nostre comprom\u00eds i dedicaci\u00f3 \u00e9s complet a tots els nivells, tant pels que volen dedicar-se a la m\u00fasica professionalment com per als que gaudeixen de la m\u00fasica en les estones de lleure.<\/p>\n<p>[\/et_pb_text][\/et_pb_column][et_pb_column type=&#8221;1_2&#8243; _builder_version=&#8221;4.27.4&#8243; _module_preset=&#8221;default&#8221; background_image=&#8221;https:\/\/estudidemusica.cat\/wp-content\/uploads\/2025\/11\/unnamed-1.jpg&#8221; background_size=&#8221;contain&#8221; custom_padding=&#8221;200px||||false|false&#8221; custom_css_main_element=&#8221;display: flex; ||flex-direction: column; ||justify-content: center;&#8221; border_radii=&#8221;on|34px|34px|34px|34px&#8221; global_colors_info=&#8221;{}&#8221;][\/et_pb_column][\/et_pb_row][et_pb_row make_equal=&#8221;on&#8221; _builder_version=&#8221;4.25.2&#8243; _module_preset=&#8221;default&#8221; width=&#8221;100%&#8221; max_width=&#8221;100%&#8221; module_alignment=&#8221;center&#8221; custom_margin=&#8221;30px||30px||false|false&#8221; custom_padding=&#8221;0px||0px||true|false&#8221; global_colors_info=&#8221;{}&#8221;][et_pb_column type=&#8221;4_4&#8243; _builder_version=&#8221;4.25.2&#8243; _module_preset=&#8221;default&#8221; custom_padding=&#8221;|15%|50px|15%|false|false&#8221; custom_css_main_element=&#8221;display: flex; ||flex-direction: column; ||justify-content: center;&#8221; global_colors_info=&#8221;{}&#8221;][et_pb_heading title=&#8221;L&#8217;Equip&#8221; _builder_version=&#8221;4.25.2&#8243; _module_preset=&#8221;default&#8221; title_font=&#8221;&#8211;et_global_heading_font|&#8211;et_global_heading_font_weight|||||||&#8221; title_text_color=&#8221;#000000&#8243; title_font_size=&#8221;5.5em&#8221; global_colors_info=&#8221;{}&#8221;][\/et_pb_heading][\/et_pb_column][\/et_pb_row][et_pb_row column_structure=&#8221;1_4,1_4,1_4,1_4&#8243; _builder_version=&#8221;4.27.4&#8243; _module_preset=&#8221;default&#8221; width=&#8221;100%&#8221; width_tablet=&#8221;89%&#8221; width_phone=&#8221;72%&#8221; width_last_edited=&#8221;on|phone&#8221; max_width=&#8221;1361px&#8221; custom_margin=&#8221;||||false|false&#8221; custom_padding=&#8221;0px||0px||true|false&#8221; border_width_all=&#8221;0px&#8221; global_colors_info=&#8221;{}&#8221;][et_pb_column type=&#8221;1_4&#8243; _builder_version=&#8221;4.25.2&#8243; _module_preset=&#8221;default&#8221; custom_padding=&#8221;||5px||false|false&#8221; custom_padding_tablet=&#8221;|20px|9px|20px|false|false&#8221; custom_padding_phone=&#8221;||||false|false&#8221; custom_padding_last_edited=&#8221;on|phone&#8221; global_colors_info=&#8221;{}&#8221;][et_pb_image src=&#8221;https:\/\/estudidemusica.cat\/wp-content\/uploads\/2025\/02\/Irina-Miralves-1.webp&#8221; title_text=&#8221;Irina Miralve\u0301s&#8221; align=&#8221;center&#8221; _builder_version=&#8221;4.27.4&#8243; _module_preset=&#8221;default&#8221; width=&#8221;78%&#8221; custom_margin=&#8221;||41px|||&#8221; custom_padding=&#8221;||5px||false|false&#8221; custom_padding_tablet=&#8221;|20px|9px|20px|false|false&#8221; custom_padding_phone=&#8221;||||false|false&#8221; custom_padding_last_edited=&#8221;on|phone&#8221; global_colors_info=&#8221;{}&#8221;][\/et_pb_image][et_pb_text _builder_version=&#8221;4.27.4&#8243; _module_preset=&#8221;default&#8221; text_font=&#8221;&#8211;et_global_body_font||||||||&#8221; text_text_color=&#8221;#000000&#8243; text_font_size=&#8221;21px&#8221; text_line_height=&#8221;1em&#8221; custom_margin=&#8221;-13px||50px||false|false&#8221; custom_padding=&#8221;||5px||false|false&#8221; custom_padding_tablet=&#8221;|20px|9px|20px|false|false&#8221; custom_padding_phone=&#8221;||||false|false&#8221; custom_padding_last_edited=&#8221;on|phone&#8221; global_colors_info=&#8221;{}&#8221;]<\/p>\n<p style=\"text-align: center;\"><strong>Irina Miralv\u00e9s<\/strong><\/p>\n<p style=\"text-align: center;\">Professora de Flauta Travessera i Llenguatge Musical<\/p>\n<p>[\/et_pb_text][\/et_pb_column][et_pb_column type=&#8221;1_4&#8243; _builder_version=&#8221;4.25.2&#8243; _module_preset=&#8221;default&#8221; global_colors_info=&#8221;{}&#8221;][et_pb_image src=&#8221;https:\/\/estudidemusica.cat\/wp-content\/uploads\/2025\/02\/Ruben-Reig-1.webp&#8221; title_text=&#8221;Ruben Reig&#8221; align=&#8221;center&#8221; _builder_version=&#8221;4.27.4&#8243; _module_preset=&#8221;default&#8221; width=&#8221;78%&#8221; custom_margin=&#8221;||41px|||&#8221; custom_padding=&#8221;||5px||false|false&#8221; custom_padding_tablet=&#8221;|20px|9px|20px|false|false&#8221; custom_padding_phone=&#8221;||||false|false&#8221; custom_padding_last_edited=&#8221;on|phone&#8221; global_colors_info=&#8221;{}&#8221;][\/et_pb_image][et_pb_text _builder_version=&#8221;4.27.4&#8243; _module_preset=&#8221;default&#8221; text_font=&#8221;&#8211;et_global_body_font||||||||&#8221; text_text_color=&#8221;#000000&#8243; text_font_size=&#8221;21px&#8221; text_line_height=&#8221;1em&#8221; custom_margin=&#8221;-13px||50px||false|false&#8221; custom_padding=&#8221;||5px||false|false&#8221; custom_padding_tablet=&#8221;|20px|9px|20px|false|false&#8221; custom_padding_phone=&#8221;||||false|false&#8221; custom_padding_last_edited=&#8221;on|phone&#8221; global_colors_info=&#8221;{}&#8221;]<\/p>\n<p style=\"text-align: center;\"><strong>Ruben Reig<\/strong><\/p>\n<p style=\"text-align: center;\">Professor de bateria<\/p>\n<p>[\/et_pb_text][\/et_pb_column][et_pb_column type=&#8221;1_4&#8243; _builder_version=&#8221;4.25.2&#8243; _module_preset=&#8221;default&#8221; global_colors_info=&#8221;{}&#8221;][et_pb_image src=&#8221;https:\/\/estudidemusica.cat\/wp-content\/uploads\/2025\/02\/Elena-Martinez-1.webp&#8221; title_text=&#8221;Elena Marti\u0301nez&#8221; align=&#8221;center&#8221; _builder_version=&#8221;4.27.4&#8243; _module_preset=&#8221;default&#8221; width=&#8221;78%&#8221; custom_margin=&#8221;||41px|||&#8221; custom_padding=&#8221;||5px||false|false&#8221; custom_padding_tablet=&#8221;|20px|9px|20px|false|false&#8221; custom_padding_phone=&#8221;||||false|false&#8221; custom_padding_last_edited=&#8221;on|phone&#8221; global_colors_info=&#8221;{}&#8221;][\/et_pb_image][et_pb_text _builder_version=&#8221;4.27.4&#8243; _module_preset=&#8221;default&#8221; text_font=&#8221;&#8211;et_global_body_font||||||||&#8221; text_text_color=&#8221;#000000&#8243; text_font_size=&#8221;21px&#8221; text_line_height=&#8221;1em&#8221; custom_margin=&#8221;-13px||50px||false|false&#8221; custom_padding=&#8221;||5px||false|false&#8221; custom_padding_tablet=&#8221;|20px|9px|20px|false|false&#8221; custom_padding_phone=&#8221;||||false|false&#8221; custom_padding_last_edited=&#8221;on|phone&#8221; global_colors_info=&#8221;{}&#8221;]<\/p>\n<p style=\"text-align: center;\"><strong>Elena Mart\u00ednez<\/strong><\/p>\n<p style=\"text-align: center;\">Professora de Viola i Viol\u00ed<\/p>\n<p>[\/et_pb_text][\/et_pb_column][et_pb_column type=&#8221;1_4&#8243; _builder_version=&#8221;4.25.2&#8243; _module_preset=&#8221;default&#8221; global_colors_info=&#8221;{}&#8221;][et_pb_image src=&#8221;https:\/\/estudidemusica.cat\/wp-content\/uploads\/2025\/02\/Elisabet-Abello-1.webp&#8221; title_text=&#8221;Elisabet Abello\u0301&#8221; align=&#8221;center&#8221; _builder_version=&#8221;4.27.4&#8243; _module_preset=&#8221;default&#8221; width=&#8221;78%&#8221; custom_margin=&#8221;||41px|||&#8221; custom_padding=&#8221;||5px||false|false&#8221; custom_padding_tablet=&#8221;|20px|9px|20px|false|false&#8221; custom_padding_phone=&#8221;||||false|false&#8221; custom_padding_last_edited=&#8221;on|phone&#8221; global_colors_info=&#8221;{}&#8221;][\/et_pb_image][et_pb_text _builder_version=&#8221;4.25.2&#8243; _module_preset=&#8221;default&#8221; text_font=&#8221;&#8211;et_global_body_font||||||||&#8221; text_text_color=&#8221;#000000&#8243; text_font_size=&#8221;21px&#8221; text_line_height=&#8221;1em&#8221; custom_margin=&#8221;-13px||50px||false|false&#8221; custom_padding=&#8221;||5px||false|false&#8221; custom_padding_tablet=&#8221;|20px|9px|20px|false|false&#8221; custom_padding_phone=&#8221;||||false|false&#8221; custom_padding_last_edited=&#8221;on|phone&#8221; global_colors_info=&#8221;{}&#8221;]<\/p>\n<p style=\"text-align: center;\"><strong>Elisabet Abell\u00f3<\/strong><\/p>\n<p style=\"text-align: center;\">Professora de<br \/>piano i pianista<br \/>d&#8217;acompanyament<\/p>\n<p>[\/et_pb_text][\/et_pb_column][\/et_pb_row][et_pb_row column_structure=&#8221;1_4,1_4,1_4,1_4&#8243; _builder_version=&#8221;4.25.2&#8243; _module_preset=&#8221;default&#8221; width=&#8221;100%&#8221; width_tablet=&#8221;89%&#8221; width_phone=&#8221;72%&#8221; width_last_edited=&#8221;on|phone&#8221; max_width=&#8221;1361px&#8221; custom_margin=&#8221;||||false|false&#8221; custom_padding=&#8221;0px||0px||true|false&#8221; border_width_all=&#8221;0px&#8221; global_colors_info=&#8221;{}&#8221;][et_pb_column type=&#8221;1_4&#8243; _builder_version=&#8221;4.25.2&#8243; _module_preset=&#8221;default&#8221; custom_padding=&#8221;||5px||false|false&#8221; custom_padding_tablet=&#8221;|20px|9px|20px|false|false&#8221; custom_padding_phone=&#8221;||||false|false&#8221; custom_padding_last_edited=&#8221;on|phone&#8221; global_colors_info=&#8221;{}&#8221;][et_pb_image src=&#8221;https:\/\/estudidemusica.cat\/wp-content\/uploads\/2025\/02\/Georgi-Olshanetsky.webp&#8221; title_text=&#8221;Georgi Olshanetsky&#8221; align=&#8221;center&#8221; _builder_version=&#8221;4.27.4&#8243; _module_preset=&#8221;default&#8221; width=&#8221;78%&#8221; custom_margin=&#8221;||41px|||&#8221; custom_padding=&#8221;||5px||false|false&#8221; custom_padding_tablet=&#8221;|20px|9px|20px|false|false&#8221; custom_padding_phone=&#8221;||||false|false&#8221; custom_padding_last_edited=&#8221;on|phone&#8221; global_colors_info=&#8221;{}&#8221;][\/et_pb_image][et_pb_text _builder_version=&#8221;4.25.2&#8243; _module_preset=&#8221;default&#8221; text_font=&#8221;&#8211;et_global_body_font||||||||&#8221; text_text_color=&#8221;#000000&#8243; text_font_size=&#8221;21px&#8221; text_line_height=&#8221;1em&#8221; custom_margin=&#8221;-13px||50px||false|false&#8221; custom_padding=&#8221;||5px||false|false&#8221; custom_padding_tablet=&#8221;|20px|9px|20px|false|false&#8221; custom_padding_phone=&#8221;||||false|false&#8221; custom_padding_last_edited=&#8221;on|phone&#8221; global_colors_info=&#8221;{}&#8221;]<\/p>\n<p style=\"text-align: center;\"><strong>Georgi <\/strong><strong>Olshanetsky<\/strong><\/p>\n<p style=\"text-align: center;\">Professor de guitarra<\/p>\n<p>[\/et_pb_text][\/et_pb_column][et_pb_column type=&#8221;1_4&#8243; _builder_version=&#8221;4.25.2&#8243; _module_preset=&#8221;default&#8221; global_colors_info=&#8221;{}&#8221;][et_pb_image src=&#8221;https:\/\/estudidemusica.cat\/wp-content\/uploads\/2025\/02\/Xavier-Mas-1.webp&#8221; title_text=&#8221;Xavier Mas&#8221; align=&#8221;center&#8221; _builder_version=&#8221;4.27.4&#8243; _module_preset=&#8221;default&#8221; width=&#8221;78%&#8221; custom_margin=&#8221;||41px|||&#8221; custom_padding=&#8221;||5px||false|false&#8221; custom_padding_tablet=&#8221;|20px|9px|20px|false|false&#8221; custom_padding_phone=&#8221;||||false|false&#8221; custom_padding_last_edited=&#8221;on|phone&#8221; global_colors_info=&#8221;{}&#8221;][\/et_pb_image][et_pb_text _builder_version=&#8221;4.25.2&#8243; _module_preset=&#8221;default&#8221; text_font=&#8221;&#8211;et_global_body_font||||||||&#8221; text_text_color=&#8221;#000000&#8243; text_font_size=&#8221;21px&#8221; text_line_height=&#8221;1em&#8221; custom_margin=&#8221;-13px||50px||false|false&#8221; custom_padding=&#8221;||5px||false|false&#8221; custom_padding_tablet=&#8221;|20px|9px|20px|false|false&#8221; custom_padding_phone=&#8221;||||false|false&#8221; custom_padding_last_edited=&#8221;on|phone&#8221; global_colors_info=&#8221;{}&#8221;]<\/p>\n<p style=\"text-align: center;\"><strong>Xavier Mas<\/strong><\/p>\n<p style=\"text-align: center;\">Professor de cello<\/p>\n<p>[\/et_pb_text][\/et_pb_column][et_pb_column type=&#8221;1_4&#8243; _builder_version=&#8221;4.25.2&#8243; _module_preset=&#8221;default&#8221; global_colors_info=&#8221;{}&#8221;][et_pb_image src=&#8221;https:\/\/estudidemusica.cat\/wp-content\/uploads\/2025\/02\/ProfessorBateria.webp&#8221; title_text=&#8221;ProfessorBateria&#8221; align=&#8221;center&#8221; _builder_version=&#8221;4.27.4&#8243; _module_preset=&#8221;default&#8221; width=&#8221;78%&#8221; custom_margin=&#8221;||41px|||&#8221; custom_padding=&#8221;||5px||false|false&#8221; custom_padding_tablet=&#8221;|20px|9px|20px|false|false&#8221; custom_padding_phone=&#8221;||||false|false&#8221; custom_padding_last_edited=&#8221;on|phone&#8221; global_colors_info=&#8221;{}&#8221;][\/et_pb_image][et_pb_text _builder_version=&#8221;4.25.2&#8243; _module_preset=&#8221;default&#8221; text_font=&#8221;&#8211;et_global_body_font||||||||&#8221; text_text_color=&#8221;#000000&#8243; text_font_size=&#8221;21px&#8221; text_line_height=&#8221;1em&#8221; custom_margin=&#8221;-13px||50px||false|false&#8221; custom_padding=&#8221;||5px||false|false&#8221; custom_padding_tablet=&#8221;|20px|9px|20px|false|false&#8221; custom_padding_phone=&#8221;||||false|false&#8221; custom_padding_last_edited=&#8221;on|phone&#8221; global_colors_info=&#8221;{}&#8221;]<\/p>\n<p style=\"text-align: center;\"><strong>Claudio Favaro<\/strong><\/p>\n<p style=\"text-align: center;\">Professor de bateria<\/p>\n<p>[\/et_pb_text][\/et_pb_column][et_pb_column type=&#8221;1_4&#8243; _builder_version=&#8221;4.25.2&#8243; _module_preset=&#8221;default&#8221; global_colors_info=&#8221;{}&#8221;][et_pb_image src=&#8221;https:\/\/estudidemusica.cat\/wp-content\/uploads\/2025\/02\/Miguel-Trujillo-1.webp&#8221; title_text=&#8221;Miguel Trujillo&#8221; align=&#8221;center&#8221; _builder_version=&#8221;4.27.4&#8243; _module_preset=&#8221;default&#8221; width=&#8221;78%&#8221; custom_margin=&#8221;||41px|||&#8221; custom_padding=&#8221;||5px||false|false&#8221; custom_padding_tablet=&#8221;|20px|9px|20px|false|false&#8221; custom_padding_phone=&#8221;||||false|false&#8221; custom_padding_last_edited=&#8221;on|phone&#8221; global_colors_info=&#8221;{}&#8221;][\/et_pb_image][et_pb_text _builder_version=&#8221;4.25.2&#8243; _module_preset=&#8221;default&#8221; text_font=&#8221;&#8211;et_global_body_font||||||||&#8221; text_text_color=&#8221;#000000&#8243; text_font_size=&#8221;21px&#8221; text_line_height=&#8221;1em&#8221; custom_margin=&#8221;-13px||50px||false|false&#8221; custom_padding=&#8221;||5px||false|false&#8221; custom_padding_tablet=&#8221;|20px|9px|20px|false|false&#8221; custom_padding_phone=&#8221;||||false|false&#8221; custom_padding_last_edited=&#8221;on|phone&#8221; global_colors_info=&#8221;{}&#8221;]<\/p>\n<p style=\"text-align: center;\"><strong>Miguel Trujillo<\/strong><\/p>\n<p style=\"text-align: center;\">Professora de guitarra<\/p>\n<p>[\/et_pb_text][\/et_pb_column][\/et_pb_row][et_pb_row column_structure=&#8221;1_4,1_4,1_4,1_4&#8243; _builder_version=&#8221;4.25.2&#8243; _module_preset=&#8221;default&#8221; width=&#8221;100%&#8221; width_tablet=&#8221;89%&#8221; width_phone=&#8221;72%&#8221; width_last_edited=&#8221;on|phone&#8221; max_width=&#8221;1361px&#8221; custom_margin=&#8221;||||false|false&#8221; custom_padding=&#8221;0px||0px||true|false&#8221; border_width_all=&#8221;0px&#8221; global_colors_info=&#8221;{}&#8221;][et_pb_column type=&#8221;1_4&#8243; _builder_version=&#8221;4.25.2&#8243; _module_preset=&#8221;default&#8221; custom_padding=&#8221;||5px||false|false&#8221; custom_padding_tablet=&#8221;|20px|9px|20px|false|false&#8221; custom_padding_phone=&#8221;||||false|false&#8221; custom_padding_last_edited=&#8221;on|phone&#8221; global_colors_info=&#8221;{}&#8221;][et_pb_image src=&#8221;https:\/\/estudidemusica.cat\/wp-content\/uploads\/2025\/02\/Oriol-Palau-1.webp&#8221; title_text=&#8221;Oriol Palau&#8221; align=&#8221;center&#8221; _builder_version=&#8221;4.27.4&#8243; _module_preset=&#8221;default&#8221; width=&#8221;78%&#8221; custom_margin=&#8221;||41px|||&#8221; custom_padding=&#8221;||5px||false|false&#8221; custom_padding_tablet=&#8221;|20px|9px|20px|false|false&#8221; custom_padding_phone=&#8221;||||false|false&#8221; custom_padding_last_edited=&#8221;on|phone&#8221; global_colors_info=&#8221;{}&#8221;][\/et_pb_image][et_pb_text _builder_version=&#8221;4.27.4&#8243; _module_preset=&#8221;default&#8221; text_font=&#8221;&#8211;et_global_body_font||||||||&#8221; text_text_color=&#8221;#000000&#8243; text_font_size=&#8221;21px&#8221; text_line_height=&#8221;1em&#8221; custom_margin=&#8221;-13px||50px||false|false&#8221; custom_padding=&#8221;||5px||false|false&#8221; custom_padding_tablet=&#8221;|20px|9px|20px|false|false&#8221; custom_padding_phone=&#8221;||||false|false&#8221; custom_padding_last_edited=&#8221;on|phone&#8221; global_colors_info=&#8221;{}&#8221;]<\/p>\n<p style=\"text-align: center;\"><b>Oriol Palau<\/b><\/p>\n<p style=\"text-align: center;\">Professor de guitarra<\/p>\n<p>[\/et_pb_text][\/et_pb_column][et_pb_column type=&#8221;1_4&#8243; _builder_version=&#8221;4.25.2&#8243; _module_preset=&#8221;default&#8221; global_colors_info=&#8221;{}&#8221;][et_pb_image src=&#8221;https:\/\/estudidemusica.cat\/wp-content\/uploads\/2025\/02\/Jordi-Marti-1.webp&#8221; title_text=&#8221;Jordi Marti\u0301&#8221; align=&#8221;center&#8221; _builder_version=&#8221;4.27.4&#8243; _module_preset=&#8221;default&#8221; width=&#8221;78%&#8221; custom_margin=&#8221;||41px|||&#8221; custom_padding=&#8221;||5px||false|false&#8221; custom_padding_tablet=&#8221;|20px|9px|20px|false|false&#8221; custom_padding_phone=&#8221;||||false|false&#8221; custom_padding_last_edited=&#8221;on|phone&#8221; global_colors_info=&#8221;{}&#8221;][\/et_pb_image][et_pb_text _builder_version=&#8221;4.27.4&#8243; _module_preset=&#8221;default&#8221; text_font=&#8221;&#8211;et_global_body_font||||||||&#8221; text_text_color=&#8221;#000000&#8243; text_font_size=&#8221;21px&#8221; text_line_height=&#8221;1em&#8221; custom_margin=&#8221;-13px||50px||false|false&#8221; custom_padding=&#8221;||5px||false|false&#8221; custom_padding_tablet=&#8221;|20px|9px|20px|false|false&#8221; custom_padding_phone=&#8221;||||false|false&#8221; custom_padding_last_edited=&#8221;on|phone&#8221; global_colors_info=&#8221;{}&#8221;]<\/p>\n<p style=\"text-align: center;\"><strong>Jordi Mart\u00ed<\/strong><\/p>\n<p style=\"text-align: center;\">Professor de Trompeta, Tromb\u00f3, Bombard\u00ed i \u201cBufa Vent Fort\u201d<\/p>\n<p>[\/et_pb_text][\/et_pb_column][et_pb_column type=&#8221;1_4&#8243; _builder_version=&#8221;4.25.2&#8243; _module_preset=&#8221;default&#8221; global_colors_info=&#8221;{}&#8221;][et_pb_image src=&#8221;https:\/\/estudidemusica.cat\/wp-content\/uploads\/2024\/12\/04.png&#8221; title_text=&#8221;04&#8243; align=&#8221;center&#8221; _builder_version=&#8221;4.25.2&#8243; _module_preset=&#8221;default&#8221; width=&#8221;78%&#8221; custom_margin=&#8221;||41px|||&#8221; custom_padding=&#8221;||5px||false|false&#8221; custom_padding_tablet=&#8221;|20px|9px|20px|false|false&#8221; custom_padding_phone=&#8221;||||false|false&#8221; custom_padding_last_edited=&#8221;on|phone&#8221; global_colors_info=&#8221;{}&#8221;][\/et_pb_image][et_pb_text _builder_version=&#8221;4.27.4&#8243; _module_preset=&#8221;default&#8221; text_font=&#8221;&#8211;et_global_body_font||||||||&#8221; text_text_color=&#8221;#000000&#8243; text_font_size=&#8221;21px&#8221; text_line_height=&#8221;1em&#8221; custom_margin=&#8221;-13px||50px||false|false&#8221; custom_padding=&#8221;||5px||false|false&#8221; custom_padding_tablet=&#8221;|20px|9px|20px|false|false&#8221; custom_padding_phone=&#8221;||||false|false&#8221; custom_padding_last_edited=&#8221;on|phone&#8221; global_colors_info=&#8221;{}&#8221;]<\/p>\n<p style=\"text-align: center;\"><strong>Axel Pi\u00f1ol<\/strong><\/p>\n<p style=\"text-align: center;\">Professor de Piano, Saxo, Combos i Xarangueta<\/p>\n<p>[\/et_pb_text][\/et_pb_column][et_pb_column type=&#8221;1_4&#8243; _builder_version=&#8221;4.25.2&#8243; _module_preset=&#8221;default&#8221; global_colors_info=&#8221;{}&#8221;][et_pb_image src=&#8221;https:\/\/estudidemusica.cat\/wp-content\/uploads\/2025\/02\/Miriam-Luna-1.webp&#8221; title_text=&#8221;Mi\u0301riam Luna&#8221; align=&#8221;center&#8221; _builder_version=&#8221;4.27.4&#8243; _module_preset=&#8221;default&#8221; width=&#8221;78%&#8221; custom_margin=&#8221;||41px|||&#8221; custom_padding=&#8221;||5px||false|false&#8221; custom_padding_tablet=&#8221;|20px|9px|20px|false|false&#8221; custom_padding_phone=&#8221;||||false|false&#8221; custom_padding_last_edited=&#8221;on|phone&#8221; global_colors_info=&#8221;{}&#8221;][\/et_pb_image][et_pb_text _builder_version=&#8221;4.27.4&#8243; _module_preset=&#8221;default&#8221; text_font=&#8221;&#8211;et_global_body_font||||||||&#8221; text_text_color=&#8221;#000000&#8243; text_font_size=&#8221;21px&#8221; text_line_height=&#8221;1em&#8221; custom_margin=&#8221;-13px||50px||false|false&#8221; custom_padding=&#8221;||5px||false|false&#8221; custom_padding_tablet=&#8221;|20px|9px|20px|false|false&#8221; custom_padding_phone=&#8221;||||false|false&#8221; custom_padding_last_edited=&#8221;on|phone&#8221; global_colors_info=&#8221;{}&#8221;]<\/p>\n<p style=\"text-align: center;\"><strong>Miriam Luna<\/strong><\/p>\n<p style=\"text-align: center;\">Professora de <br \/>petits m\u00fasics i de Violoncel<\/p>\n<p>[\/et_pb_text][\/et_pb_column][\/et_pb_row][et_pb_row column_structure=&#8221;1_4,1_4,1_4,1_4&#8243; _builder_version=&#8221;4.27.4&#8243; _module_preset=&#8221;default&#8221; width=&#8221;100%&#8221; width_tablet=&#8221;89%&#8221; width_phone=&#8221;72%&#8221; width_last_edited=&#8221;on|phone&#8221; max_width=&#8221;1361px&#8221; custom_margin=&#8221;||||false|false&#8221; custom_padding=&#8221;0px||0px||true|false&#8221; border_width_all=&#8221;0px&#8221; global_colors_info=&#8221;{}&#8221;][et_pb_column type=&#8221;1_4&#8243; _builder_version=&#8221;4.25.2&#8243; _module_preset=&#8221;default&#8221; custom_padding=&#8221;||5px||false|false&#8221; custom_padding_tablet=&#8221;|20px|9px|20px|false|false&#8221; custom_padding_phone=&#8221;||||false|false&#8221; custom_padding_last_edited=&#8221;on|phone&#8221; global_colors_info=&#8221;{}&#8221;][et_pb_image src=&#8221;https:\/\/estudidemusica.cat\/wp-content\/uploads\/2025\/02\/ProfessoraPiano.webp&#8221; title_text=&#8221;ProfessoraPiano&#8221; align=&#8221;center&#8221; _builder_version=&#8221;4.27.4&#8243; _module_preset=&#8221;default&#8221; width=&#8221;78%&#8221; custom_margin=&#8221;||41px|||&#8221; custom_padding=&#8221;||5px||false|false&#8221; custom_padding_tablet=&#8221;|20px|9px|20px|false|false&#8221; custom_padding_phone=&#8221;||||false|false&#8221; custom_padding_last_edited=&#8221;on|phone&#8221; global_colors_info=&#8221;{}&#8221;][\/et_pb_image][et_pb_text _builder_version=&#8221;4.27.4&#8243; _module_preset=&#8221;default&#8221; text_font=&#8221;&#8211;et_global_body_font||||||||&#8221; text_text_color=&#8221;#000000&#8243; text_font_size=&#8221;21px&#8221; text_line_height=&#8221;1em&#8221; custom_margin=&#8221;-13px||50px||false|false&#8221; custom_padding=&#8221;||5px||false|false&#8221; custom_padding_tablet=&#8221;|20px|9px|20px|false|false&#8221; custom_padding_phone=&#8221;||||false|false&#8221; custom_padding_last_edited=&#8221;on|phone&#8221; global_colors_info=&#8221;{}&#8221;]<\/p>\n<p style=\"text-align: center;\"><b>Ada Gasca<\/b><\/p>\n<p style=\"text-align: center;\">Professora de Llenguatge Musical i Piano<\/p>\n<p>[\/et_pb_text][\/et_pb_column][et_pb_column _builder_version=&#8221;4.27.4&#8243; _module_preset=&#8221;default&#8221; type=&#8221;1_4&#8243;][et_pb_image src=&#8221;https:\/\/estudidemusica.cat\/wp-content\/uploads\/2025\/02\/Mireia-1.webp&#8221; title_text=&#8221;Mireia&#8221; align=&#8221;center&#8221; _builder_version=&#8221;4.27.4&#8243; _module_preset=&#8221;default&#8221; width=&#8221;78%&#8221; custom_margin=&#8221;||41px|||&#8221; custom_padding=&#8221;||5px||false|false&#8221; custom_padding_tablet=&#8221;|20px|9px|20px|false|false&#8221; custom_padding_phone=&#8221;||||false|false&#8221; custom_padding_last_edited=&#8221;on|phone&#8221; global_colors_info=&#8221;{}&#8221;][\/et_pb_image][et_pb_text _builder_version=&#8221;4.27.4&#8243; _module_preset=&#8221;default&#8221; text_font=&#8221;&#8211;et_global_body_font||||||||&#8221; text_text_color=&#8221;#000000&#8243; text_font_size=&#8221;21px&#8221; text_line_height=&#8221;1em&#8221; custom_margin=&#8221;-13px||50px||false|false&#8221; custom_padding=&#8221;||5px||false|false&#8221; custom_padding_tablet=&#8221;|20px|9px|20px|false|false&#8221; custom_padding_phone=&#8221;||||false|false&#8221; custom_padding_last_edited=&#8221;on|phone&#8221; global_colors_info=&#8221;{}&#8221;]<\/p>\n<p style=\"text-align: center;\"><strong>Mireia Boix<\/strong><\/p>\n<p style=\"text-align: center;\">Professora de Petits M\u00fasics, Cant Coral i Llenguatge Musical<\/p>\n<p>[\/et_pb_text][\/et_pb_column][et_pb_column _builder_version=&#8221;4.27.4&#8243; _module_preset=&#8221;default&#8221; type=&#8221;1_4&#8243;][et_pb_image src=&#8221;https:\/\/estudidemusica.cat\/wp-content\/uploads\/2025\/06\/aaguillermo_plazas2.png&#8221; title_text=&#8221;aaguillermo_plazas2&#8243; align=&#8221;center&#8221; _builder_version=&#8221;4.27.4&#8243; _module_preset=&#8221;default&#8221; width=&#8221;78%&#8221; custom_margin=&#8221;||41px|||&#8221; custom_padding=&#8221;||5px||false|false&#8221; custom_padding_tablet=&#8221;|20px|9px|20px|false|false&#8221; custom_padding_phone=&#8221;||||false|false&#8221; custom_padding_last_edited=&#8221;on|phone&#8221; global_colors_info=&#8221;{}&#8221;][\/et_pb_image][et_pb_text _builder_version=&#8221;4.27.4&#8243; _module_preset=&#8221;default&#8221; text_font=&#8221;&#8211;et_global_body_font||||||||&#8221; text_text_color=&#8221;#000000&#8243; text_font_size=&#8221;21px&#8221; text_line_height=&#8221;1em&#8221; custom_margin=&#8221;-13px||50px||false|false&#8221; custom_padding=&#8221;||5px||false|false&#8221; custom_padding_tablet=&#8221;|20px|9px|20px|false|false&#8221; custom_padding_phone=&#8221;||||false|false&#8221; custom_padding_last_edited=&#8221;on|phone&#8221; global_colors_info=&#8221;{}&#8221;]<\/p>\n<p style=\"text-align: center;\"><strong>Guillermo Plazas<\/strong><\/p>\n<p style=\"text-align: center;\">Professor de Violi\u0301 i Viola<\/p>\n<p>[\/et_pb_text][\/et_pb_column][et_pb_column _builder_version=&#8221;4.27.4&#8243; _module_preset=&#8221;default&#8221; type=&#8221;1_4&#8243;][et_pb_image src=&#8221;https:\/\/estudidemusica.cat\/wp-content\/uploads\/2025\/06\/aaprofe_cant_frontal.png&#8221; title_text=&#8221;aaprofe_cant_frontal&#8221; align=&#8221;center&#8221; _builder_version=&#8221;4.27.4&#8243; _module_preset=&#8221;default&#8221; width=&#8221;78%&#8221; custom_margin=&#8221;||41px|||&#8221; custom_padding=&#8221;||5px||false|false&#8221; custom_padding_tablet=&#8221;|20px|9px|20px|false|false&#8221; custom_padding_phone=&#8221;||||false|false&#8221; custom_padding_last_edited=&#8221;on|phone&#8221; global_colors_info=&#8221;{}&#8221;][\/et_pb_image][et_pb_text _builder_version=&#8221;4.27.4&#8243; _module_preset=&#8221;default&#8221; text_font=&#8221;&#8211;et_global_body_font||||||||&#8221; text_text_color=&#8221;#000000&#8243; text_font_size=&#8221;21px&#8221; text_line_height=&#8221;1em&#8221; custom_margin=&#8221;-13px||50px||false|false&#8221; custom_padding=&#8221;||5px||false|false&#8221; custom_padding_tablet=&#8221;|20px|9px|20px|false|false&#8221; custom_padding_phone=&#8221;||||false|false&#8221; custom_padding_last_edited=&#8221;on|phone&#8221; global_colors_info=&#8221;{}&#8221;]<\/p>\n<p style=\"text-align: center;\"><strong>Noelia Aranda<\/strong><\/p>\n<p style=\"text-align: center;\">Professora de cant<\/p>\n<p>[\/et_pb_text][\/et_pb_column][\/et_pb_row][et_pb_row column_structure=&#8221;1_4,1_4,1_4,1_4&#8243; _builder_version=&#8221;4.27.4&#8243; _module_preset=&#8221;default&#8221; width=&#8221;100%&#8221; width_tablet=&#8221;89%&#8221; width_phone=&#8221;72%&#8221; width_last_edited=&#8221;on|phone&#8221; max_width=&#8221;1361px&#8221; custom_margin=&#8221;||||false|false&#8221; custom_padding=&#8221;0px||0px||true|false&#8221; border_width_all=&#8221;0px&#8221; global_colors_info=&#8221;{}&#8221;][et_pb_column type=&#8221;1_4&#8243; _builder_version=&#8221;4.25.2&#8243; _module_preset=&#8221;default&#8221; custom_padding=&#8221;||5px||false|false&#8221; custom_padding_tablet=&#8221;|20px|9px|20px|false|false&#8221; custom_padding_phone=&#8221;||||false|false&#8221; custom_padding_last_edited=&#8221;on|phone&#8221; global_colors_info=&#8221;{}&#8221;][\/et_pb_column][et_pb_column type=&#8221;1_4&#8243; _builder_version=&#8221;4.25.2&#8243; _module_preset=&#8221;default&#8221; global_colors_info=&#8221;{}&#8221;][et_pb_image src=&#8221;https:\/\/estudidemusica.cat\/wp-content\/uploads\/2025\/02\/David-Llopart.webp&#8221; title_text=&#8221;David Llopart&#8221; align=&#8221;center&#8221; _builder_version=&#8221;4.27.4&#8243; _module_preset=&#8221;default&#8221; width=&#8221;78%&#8221; custom_margin=&#8221;||41px|||&#8221; custom_padding=&#8221;||5px||false|false&#8221; custom_padding_tablet=&#8221;|20px|9px|20px|false|false&#8221; custom_padding_phone=&#8221;||||false|false&#8221; custom_padding_last_edited=&#8221;on|phone&#8221; global_colors_info=&#8221;{}&#8221;][\/et_pb_image][et_pb_text _builder_version=&#8221;4.27.4&#8243; _module_preset=&#8221;default&#8221; text_font=&#8221;&#8211;et_global_body_font||||||||&#8221; text_text_color=&#8221;#000000&#8243; text_font_size=&#8221;21px&#8221; text_line_height=&#8221;1em&#8221; custom_margin=&#8221;-13px||50px||false|false&#8221; custom_padding=&#8221;||5px||false|false&#8221; custom_padding_tablet=&#8221;|20px|9px|20px|false|false&#8221; custom_padding_phone=&#8221;||||false|false&#8221; custom_padding_last_edited=&#8221;on|phone&#8221; global_colors_info=&#8221;{}&#8221;]<\/p>\n<p style=\"text-align: center;\"><strong>David Llopart<\/strong><\/p>\n<p style=\"text-align: center;\">Professor Bufa Vent Fort, Trompeta i Tromb\u00f3<\/p>\n<p>[\/et_pb_text][\/et_pb_column][et_pb_column type=&#8221;1_4&#8243; _builder_version=&#8221;4.25.2&#8243; _module_preset=&#8221;default&#8221; global_colors_info=&#8221;{}&#8221;][\/et_pb_column][et_pb_column type=&#8221;1_4&#8243; _builder_version=&#8221;4.25.2&#8243; _module_preset=&#8221;default&#8221; global_colors_info=&#8221;{}&#8221;][\/et_pb_column][\/et_pb_row][\/et_pb_section][et_pb_section fb_built=&#8221;1&#8243; fullwidth=&#8221;on&#8221; _builder_version=&#8221;4.25.2&#8243; _module_preset=&#8221;default&#8221; global_colors_info=&#8221;{}&#8221;][\/et_pb_section][et_pb_section fb_built=&#8221;1&#8243; _builder_version=&#8221;4.27.4&#8243; _module_preset=&#8221;default&#8221; background_color=&#8221;gcid-91e17ecb-c3a6-4002-8495-dceb47bc0f46&#8243; module_alignment=&#8221;center&#8221; global_colors_info=&#8221;{%22gcid-91e17ecb-c3a6-4002-8495-dceb47bc0f46%22:%91%22background_color%22%93}&#8221;][et_pb_row column_structure=&#8221;1_5,1_5,1_5,1_5,1_5&#8243; _builder_version=&#8221;4.27.4&#8243; _module_preset=&#8221;default&#8221; max_width=&#8221;1292px&#8221; custom_margin=&#8221;||||false|false&#8221; locked=&#8221;off&#8221; global_colors_info=&#8221;{}&#8221;][et_pb_column type=&#8221;1_5&#8243; admin_label=&#8221;Cursos per edats&#8221; _builder_version=&#8221;4.27.4&#8243; _module_preset=&#8221;default&#8221; link_option_url=&#8221;https:\/\/estudidemusica.cat\/cursos-per-edats\/&#8221; global_colors_info=&#8221;{}&#8221;][et_pb_image src=&#8221;https:\/\/estudidemusica.cat\/wp-content\/uploads\/2025\/02\/Violi-e1745927647962.webp&#8221; title_text=&#8221;Viol\u00ed&#8221; align=&#8221;center&#8221; _builder_version=&#8221;4.27.4&#8243; _module_preset=&#8221;default&#8221; width=&#8221;96%&#8221; custom_margin=&#8221;35px||15px||false|false&#8221; global_colors_info=&#8221;{}&#8221;][\/et_pb_image][et_pb_text admin_label=&#8221;Texto&#8221; _builder_version=&#8221;4.25.2&#8243; _module_preset=&#8221;default&#8221; text_font=&#8221;&#8211;et_global_body_font|600|||||||&#8221; text_font_size=&#8221;21px&#8221; global_colors_info=&#8221;{}&#8221;]<\/p>\n<p style=\"text-align: center;\">cursos<br \/>per edats<\/p>\n<p>[\/et_pb_text][\/et_pb_column][et_pb_column type=&#8221;1_5&#8243; admin_label=&#8221;Cursos per instruments&#8221; _builder_version=&#8221;4.27.4&#8243; _module_preset=&#8221;default&#8221; link_option_url=&#8221;https:\/\/estudidemusica.cat\/instruments\/&#8221; global_colors_info=&#8221;{}&#8221;][et_pb_image src=&#8221;https:\/\/estudidemusica.cat\/wp-content\/uploads\/2024\/10\/EstudiDeMusica_cursos-per-instruments.png&#8221; title_text=&#8221;EstudiDeMusica_cursos-per-instruments&#8221; align=&#8221;center&#8221; _builder_version=&#8221;4.27.4&#8243; _module_preset=&#8221;default&#8221; width=&#8221;96%&#8221; custom_margin=&#8221;35px||15px||false|false&#8221; global_colors_info=&#8221;{}&#8221;][\/et_pb_image][et_pb_text _builder_version=&#8221;4.25.2&#8243; _module_preset=&#8221;default&#8221; text_font=&#8221;&#8211;et_global_body_font|600|||||||&#8221; text_font_size=&#8221;21px&#8221; global_colors_info=&#8221;{}&#8221;]<\/p>\n<p style=\"text-align: center;\">cursos per<br \/>instruments<\/p>\n<p>[\/et_pb_text][\/et_pb_column][et_pb_column type=&#8221;1_5&#8243; admin_label=&#8221;grups musicals&#8221; _builder_version=&#8221;4.27.4&#8243; _module_preset=&#8221;default&#8221; link_option_url=&#8221;https:\/\/estudidemusica.cat\/grups-musicals\/&#8221; global_colors_info=&#8221;{}&#8221;][et_pb_image src=&#8221;https:\/\/estudidemusica.cat\/wp-content\/uploads\/2024\/10\/EstudiDeMusica_grups-musicals.png&#8221; title_text=&#8221;EstudiDeMusica_grups-musicals&#8221; align=&#8221;center&#8221; admin_label=&#8221;Imagen&#8221; _builder_version=&#8221;4.25.2&#8243; _module_preset=&#8221;default&#8221; width=&#8221;96%&#8221; custom_margin=&#8221;35px||15px||false|false&#8221; global_colors_info=&#8221;{}&#8221;][\/et_pb_image][et_pb_text admin_label=&#8221;Texto&#8221; _builder_version=&#8221;4.25.2&#8243; _module_preset=&#8221;default&#8221; text_font=&#8221;&#8211;et_global_body_font|600|||||||&#8221; text_font_size=&#8221;21px&#8221; global_colors_info=&#8221;{}&#8221;]<\/p>\n<p style=\"text-align: center;\">grups<br \/>musicals<\/p>\n<p>[\/et_pb_text][\/et_pb_column][et_pb_column type=&#8221;1_5&#8243; admin_label=&#8221;llenguatge musical&#8221; _builder_version=&#8221;4.27.4&#8243; _module_preset=&#8221;default&#8221; link_option_url=&#8221;https:\/\/estudidemusica.cat\/llenguatge-musical\/&#8221; global_colors_info=&#8221;{}&#8221;][et_pb_image src=&#8221;https:\/\/estudidemusica.cat\/wp-content\/uploads\/2024\/10\/EstudiDeMusica_llenguatge-musical.png&#8221; title_text=&#8221;EstudiDeMusica_llenguatge-musical&#8221; align=&#8221;center&#8221; _builder_version=&#8221;4.27.4&#8243; _module_preset=&#8221;default&#8221; width=&#8221;96%&#8221; custom_margin=&#8221;35px||15px||false|false&#8221; global_colors_info=&#8221;{}&#8221;][\/et_pb_image][et_pb_text admin_label=&#8221;Texto&#8221; _builder_version=&#8221;4.25.2&#8243; _module_preset=&#8221;default&#8221; text_font=&#8221;&#8211;et_global_body_font|600|||||||&#8221; text_font_size=&#8221;21px&#8221; global_colors_info=&#8221;{}&#8221;]<\/p>\n<p style=\"text-align: center;\">llenguatge<br \/>musical<\/p>\n<p>[\/et_pb_text][\/et_pb_column][et_pb_column type=&#8221;1_5&#8243; admin_label=&#8221;alumnat amb nee&#8221; _builder_version=&#8221;4.27.4&#8243; _module_preset=&#8221;default&#8221; link_option_url=&#8221;https:\/\/estudidemusica.cat\/alumnat-nee\/&#8221; global_colors_info=&#8221;{}&#8221;][et_pb_image src=&#8221;https:\/\/estudidemusica.cat\/wp-content\/uploads\/2024\/10\/Recurso-4.png&#8221; title_text=&#8221;Recurso 4&#8243; align=&#8221;center&#8221; _builder_version=&#8221;4.25.2&#8243; _module_preset=&#8221;default&#8221; width=&#8221;96%&#8221; custom_margin=&#8221;35px||15px||false|false&#8221; global_colors_info=&#8221;{}&#8221;][\/et_pb_image][et_pb_text _builder_version=&#8221;4.25.2&#8243; _module_preset=&#8221;default&#8221; text_font=&#8221;&#8211;et_global_body_font|600|||||||&#8221; text_font_size=&#8221;21px&#8221; global_colors_info=&#8221;{}&#8221;]<\/p>\n<p style=\"text-align: center;\">alumnat<br \/>amb NEE<\/p>\n<p>[\/et_pb_text][\/et_pb_column][\/et_pb_row][\/et_pb_section][et_pb_section fb_built=&#8221;1&#8243; _builder_version=&#8221;4.27.4&#8243; _module_preset=&#8221;default&#8221; global_colors_info=&#8221;{}&#8221;][\/et_pb_section]<\/p>\n","protected":false},"excerpt":{"rendered":"<p>L&#8217;Estudi de M\u00fasica, de Tarragona, \u00e9s una escola de m\u00fasica cooperativa autoritzada per la Generalitat de Catalunya, tenim m\u00e9s de 35 anys d&#8217;experi\u00e8ncia en l&#8217;ensenyament musical.<\/p>","protected":false},"author":6,"featured_media":1596,"parent":0,"menu_order":0,"comment_status":"closed","ping_status":"closed","template":"","meta":{"_et_pb_use_builder":"on","_et_pb_old_content":"","_et_gb_content_width":"","footnotes":""},"class_list":["post-1587","page","type-page","status-publish","has-post-thumbnail","hentry"],"yoast_head":"<!-- This site is optimized with the Yoast SEO plugin v27.4 - https:\/\/yoast.com\/product\/yoast-seo-wordpress\/ -->\n<title>L&#039;Estudi - Estudi de musica<\/title>\n<meta name=\"robots\" content=\"index, follow, max-snippet:-1, max-image-preview:large, max-video-preview:-1\" \/>\n<link rel=\"canonical\" href=\"https:\/\/estudidemusica.cat\/es\/lestudi\/\" \/>\n<meta property=\"og:locale\" content=\"es_ES\" \/>\n<meta property=\"og:type\" content=\"article\" \/>\n<meta property=\"og:title\" content=\"L&#039;Estudi - Estudi de musica\" \/>\n<meta property=\"og:description\" content=\"L&#039;Estudi de M\u00fasica, de Tarragona, \u00e9s una escola de m\u00fasica cooperativa autoritzada per la Generalitat de Catalunya, tenim m\u00e9s de 35 anys d&#039;experi\u00e8ncia en l&#039;ensenyament musical.\" \/>\n<meta property=\"og:url\" content=\"https:\/\/estudidemusica.cat\/es\/lestudi\/\" \/>\n<meta property=\"og:site_name\" content=\"Estudi de musica\" \/>\n<meta property=\"article:modified_time\" content=\"2026-04-08T09:25:16+00:00\" \/>\n<meta property=\"og:image\" content=\"https:\/\/estudidemusica.cat\/wp-content\/uploads\/2024\/10\/web-estudimusica_foto.png\" \/>\n\t<meta property=\"og:image:width\" content=\"462\" \/>\n\t<meta property=\"og:image:height\" content=\"308\" \/>\n\t<meta property=\"og:image:type\" content=\"image\/png\" \/>\n<meta name=\"twitter:card\" content=\"summary_large_image\" \/>\n<meta name=\"twitter:label1\" content=\"Tiempo de lectura\" \/>\n\t<meta name=\"twitter:data1\" content=\"7 minutos\" \/>\n<script type=\"application\/ld+json\" class=\"yoast-schema-graph\">{\"@context\":\"https:\\\/\\\/schema.org\",\"@graph\":[{\"@type\":\"WebPage\",\"@id\":\"https:\\\/\\\/estudidemusica.cat\\\/lestudi\\\/\",\"url\":\"https:\\\/\\\/estudidemusica.cat\\\/lestudi\\\/\",\"name\":\"L'Estudi - Estudi de musica\",\"isPartOf\":{\"@id\":\"https:\\\/\\\/estudidemusica.cat\\\/#website\"},\"primaryImageOfPage\":{\"@id\":\"https:\\\/\\\/estudidemusica.cat\\\/lestudi\\\/#primaryimage\"},\"image\":{\"@id\":\"https:\\\/\\\/estudidemusica.cat\\\/lestudi\\\/#primaryimage\"},\"thumbnailUrl\":\"https:\\\/\\\/estudidemusica.cat\\\/wp-content\\\/uploads\\\/2024\\\/10\\\/web-estudimusica_foto.png\",\"datePublished\":\"2024-10-25T11:52:16+00:00\",\"dateModified\":\"2026-04-08T09:25:16+00:00\",\"breadcrumb\":{\"@id\":\"https:\\\/\\\/estudidemusica.cat\\\/lestudi\\\/#breadcrumb\"},\"inLanguage\":\"es\",\"potentialAction\":[{\"@type\":\"ReadAction\",\"target\":[\"https:\\\/\\\/estudidemusica.cat\\\/lestudi\\\/\"]}]},{\"@type\":\"ImageObject\",\"inLanguage\":\"es\",\"@id\":\"https:\\\/\\\/estudidemusica.cat\\\/lestudi\\\/#primaryimage\",\"url\":\"https:\\\/\\\/estudidemusica.cat\\\/wp-content\\\/uploads\\\/2024\\\/10\\\/web-estudimusica_foto.png\",\"contentUrl\":\"https:\\\/\\\/estudidemusica.cat\\\/wp-content\\\/uploads\\\/2024\\\/10\\\/web-estudimusica_foto.png\",\"width\":462,\"height\":308},{\"@type\":\"BreadcrumbList\",\"@id\":\"https:\\\/\\\/estudidemusica.cat\\\/lestudi\\\/#breadcrumb\",\"itemListElement\":[{\"@type\":\"ListItem\",\"position\":1,\"name\":\"Inici\",\"item\":\"https:\\\/\\\/estudidemusica.cat\\\/\"},{\"@type\":\"ListItem\",\"position\":2,\"name\":\"L&#8217;Estudi\"}]},{\"@type\":\"WebSite\",\"@id\":\"https:\\\/\\\/estudidemusica.cat\\\/#website\",\"url\":\"https:\\\/\\\/estudidemusica.cat\\\/\",\"name\":\"Estudi de musica\",\"description\":\"Escola de m\u00fasica de tarragona amb m\u00e9s de 25 anys, autoritzada per la Generalitat.\",\"potentialAction\":[{\"@type\":\"SearchAction\",\"target\":{\"@type\":\"EntryPoint\",\"urlTemplate\":\"https:\\\/\\\/estudidemusica.cat\\\/?s={search_term_string}\"},\"query-input\":{\"@type\":\"PropertyValueSpecification\",\"valueRequired\":true,\"valueName\":\"search_term_string\"}}],\"inLanguage\":\"es\"}]}<\/script>\n<!-- \/ Yoast SEO plugin. -->","yoast_head_json":{"title":"L'Estudi - Estudi de musica","robots":{"index":"index","follow":"follow","max-snippet":"max-snippet:-1","max-image-preview":"max-image-preview:large","max-video-preview":"max-video-preview:-1"},"canonical":"https:\/\/estudidemusica.cat\/es\/lestudi\/","og_locale":"es_ES","og_type":"article","og_title":"L'Estudi - Estudi de musica","og_description":"L'Estudi de M\u00fasica, de Tarragona, \u00e9s una escola de m\u00fasica cooperativa autoritzada per la Generalitat de Catalunya, tenim m\u00e9s de 35 anys d'experi\u00e8ncia en l'ensenyament musical.","og_url":"https:\/\/estudidemusica.cat\/es\/lestudi\/","og_site_name":"Estudi de musica","article_modified_time":"2026-04-08T09:25:16+00:00","og_image":[{"width":462,"height":308,"url":"https:\/\/estudidemusica.cat\/wp-content\/uploads\/2024\/10\/web-estudimusica_foto.png","type":"image\/png"}],"twitter_card":"summary_large_image","twitter_misc":{"Tiempo de lectura":"7 minutos"},"schema":{"@context":"https:\/\/schema.org","@graph":[{"@type":"WebPage","@id":"https:\/\/estudidemusica.cat\/lestudi\/","url":"https:\/\/estudidemusica.cat\/lestudi\/","name":"L'Estudi - Estudi de musica","isPartOf":{"@id":"https:\/\/estudidemusica.cat\/#website"},"primaryImageOfPage":{"@id":"https:\/\/estudidemusica.cat\/lestudi\/#primaryimage"},"image":{"@id":"https:\/\/estudidemusica.cat\/lestudi\/#primaryimage"},"thumbnailUrl":"https:\/\/estudidemusica.cat\/wp-content\/uploads\/2024\/10\/web-estudimusica_foto.png","datePublished":"2024-10-25T11:52:16+00:00","dateModified":"2026-04-08T09:25:16+00:00","breadcrumb":{"@id":"https:\/\/estudidemusica.cat\/lestudi\/#breadcrumb"},"inLanguage":"es","potentialAction":[{"@type":"ReadAction","target":["https:\/\/estudidemusica.cat\/lestudi\/"]}]},{"@type":"ImageObject","inLanguage":"es","@id":"https:\/\/estudidemusica.cat\/lestudi\/#primaryimage","url":"https:\/\/estudidemusica.cat\/wp-content\/uploads\/2024\/10\/web-estudimusica_foto.png","contentUrl":"https:\/\/estudidemusica.cat\/wp-content\/uploads\/2024\/10\/web-estudimusica_foto.png","width":462,"height":308},{"@type":"BreadcrumbList","@id":"https:\/\/estudidemusica.cat\/lestudi\/#breadcrumb","itemListElement":[{"@type":"ListItem","position":1,"name":"Inici","item":"https:\/\/estudidemusica.cat\/"},{"@type":"ListItem","position":2,"name":"L&#8217;Estudi"}]},{"@type":"WebSite","@id":"https:\/\/estudidemusica.cat\/#website","url":"https:\/\/estudidemusica.cat\/","name":"Estudi de musica","description":"Escola de m\u00fasica de tarragona amb m\u00e9s de 25 anys, autoritzada per la Generalitat.","potentialAction":[{"@type":"SearchAction","target":{"@type":"EntryPoint","urlTemplate":"https:\/\/estudidemusica.cat\/?s={search_term_string}"},"query-input":{"@type":"PropertyValueSpecification","valueRequired":true,"valueName":"search_term_string"}}],"inLanguage":"es"}]}},"_links":{"self":[{"href":"https:\/\/estudidemusica.cat\/es\/wp-json\/wp\/v2\/pages\/1587","targetHints":{"allow":["GET"]}}],"collection":[{"href":"https:\/\/estudidemusica.cat\/es\/wp-json\/wp\/v2\/pages"}],"about":[{"href":"https:\/\/estudidemusica.cat\/es\/wp-json\/wp\/v2\/types\/page"}],"author":[{"embeddable":true,"href":"https:\/\/estudidemusica.cat\/es\/wp-json\/wp\/v2\/users\/6"}],"replies":[{"embeddable":true,"href":"https:\/\/estudidemusica.cat\/es\/wp-json\/wp\/v2\/comments?post=1587"}],"version-history":[{"count":27,"href":"https:\/\/estudidemusica.cat\/es\/wp-json\/wp\/v2\/pages\/1587\/revisions"}],"predecessor-version":[{"id":2334,"href":"https:\/\/estudidemusica.cat\/es\/wp-json\/wp\/v2\/pages\/1587\/revisions\/2334"}],"wp:featuredmedia":[{"embeddable":true,"href":"https:\/\/estudidemusica.cat\/es\/wp-json\/wp\/v2\/media\/1596"}],"wp:attachment":[{"href":"https:\/\/estudidemusica.cat\/es\/wp-json\/wp\/v2\/media?parent=1587"}],"curies":[{"name":"wp","href":"https:\/\/api.w.org\/{rel}","templated":true}]}}