{"id":396,"date":"2020-08-13T15:54:58","date_gmt":"2020-08-13T15:54:58","guid":{"rendered":"https:\/\/estudidemusica.cat\/?page_id=396"},"modified":"2020-08-13T17:17:47","modified_gmt":"2020-08-13T17:17:47","slug":"geotest","status":"publish","type":"page","link":"https:\/\/estudidemusica.cat\/es\/geotest\/","title":{"rendered":"geotest"},"content":{"rendered":"<p>[et_pb_section fb_built=&#8221;1&#8243; admin_label=&#8221;section header con video&#8221; _builder_version=&#8221;4.4.8&#8243; background_video_mp4=&#8221;https:\/\/estudidemusica.cat\/wp-content\/uploads\/2020\/06\/estudi-de-musica.mp4&#8243; min_height=&#8221;650px&#8221; custom_margin=&#8221;0px||0px||false|false&#8221; custom_padding=&#8221;0px||0px||false|false&#8221;][et_pb_row _builder_version=&#8221;4.4.8&#8243; width=&#8221;100%&#8221; max_width=&#8221;100%&#8221; custom_margin=&#8221;0px||0px||false|false&#8221; custom_padding=&#8221;0px||0px||false|false&#8221;][et_pb_column type=&#8221;4_4&#8243; _builder_version=&#8221;4.4.8&#8243;][et_pb_slider admin_label=&#8221;deslizador trasnparente&#8221; _builder_version=&#8221;4.4.8&#8243; custom_padding=&#8221;194px||154px|||&#8221;][et_pb_slide heading=&#8221;Escuela privada de m\u00fasica &#8221; button_text=&#8221;Llama y te informamos&#8221; button_link=&#8221;tel:977231720&#8243; _builder_version=&#8221;4.4.8&#8243; background_color=&#8221;rgba(0,0,0,0)&#8221; background_enable_color=&#8221;on&#8221;]<\/p>\n<p>M\u00e1s de  formando\u00a0<\/p>\n<p>[\/et_pb_slide][\/et_pb_slider][\/et_pb_column][\/et_pb_row][\/et_pb_section][et_pb_section fb_built=&#8221;1&#8243; _builder_version=&#8221;4.4.8&#8243; background_color=&#8221;#000000&#8243;][et_pb_row column_structure=&#8221;1_3,1_3,1_3&#8243; use_custom_gutter=&#8221;on&#8221; gutter_width=&#8221;1&#8243; disabled_on=&#8221;off|off|off&#8221; _builder_version=&#8221;4.4.8&#8243; width=&#8221;100%&#8221; custom_margin=&#8221;0px||0px||true|false&#8221; custom_padding=&#8221;2.5px||2.5px||true|false&#8221;][et_pb_column type=&#8221;1_3&#8243; _builder_version=&#8221;4.4.8&#8243; custom_padding=&#8221;|2.5px||2.5px|false|true&#8221;][divienhancer_flipBox _builder_version=&#8221;4.4.8&#8243;][divienhancer_flipBoxChild identifier=&#8221;cara1&#8243; _builder_version=&#8221;4.4.8&#8243; background_color=&#8221;#282828&#8243; background_enable_color=&#8221;on&#8221; background_image=&#8221;https:\/\/estudidemusica.cat\/wp-content\/uploads\/2020\/06\/logo-lletres-petit-sombra-1.png&#8221; background_enable_image=&#8221;on&#8221; background_size=&#8221;contain&#8221; background_blend=&#8221;screen&#8221; custom_button=&#8221;on&#8221; button_text_size=&#8221;15px&#8221; button_text_color=&#8221;#000000&#8243; button_bg_color=&#8221;#e02b20&#8243; custom_padding=&#8221;154px||154px||true|false&#8221;]<span style=\"color: transparent;\">L&#8217;estudi L&#8217;estudi<\/span>[\/divienhancer_flipBoxChild][divienhancer_flipBoxChild _builder_version=&#8221;4.4.8&#8243; background_color=&#8221;#43204c&#8221; background_enable_color=&#8221;on&#8221; background_enable_image=&#8221;off&#8221; text_orientation=&#8221;justified&#8221; custom_padding=&#8221;2em|2em|2em|2em|true|true&#8221;]<span style=\"color: #adffff;\">Somos unea escuela de m\u00fasica fundada en el a\u00f1o 1985.<br \/>\n<\/span><br \/>\n<span style=\"color: #adffff;\">Orientamos nuestras clases tanto al alumnado que quiere dedicarse a la m\u00fasica de manera profesional como los que quieren disfrutar de la m\u00fasica en sus ratos de ocio.<br \/>\n<\/span><\/p>\n<div class=\"h-centerflex\"><a href=\"\/conocenos\/\" class=\"et_pb_button linkcajas\">CON\u00d3CENOS<\/a><\/div>\n<p>[\/divienhancer_flipBoxChild][\/divienhancer_flipBox][\/et_pb_column][et_pb_column type=&#8221;1_3&#8243; _builder_version=&#8221;4.4.8&#8243; custom_padding=&#8221;|2.5px||2.5px|false|true&#8221;][divienhancer_flipBox _builder_version=&#8221;4.4.8&#8243; link_option_url=&#8221;https:\/\/estudidemusica.cat\/el-profesorado\/&#8221;][divienhancer_flipBoxChild identifier=&#8221;cara1&#8243; _builder_version=&#8221;4.4.8&#8243; background_image=&#8221;https:\/\/estudidemusica.cat\/wp-content\/uploads\/2020\/07\/profesorado-escuela-de-musica-en-tarragona-2.jpg&#8221; background_enable_image=&#8221;on&#8221; custom_button=&#8221;on&#8221; button_text_size=&#8221;15px&#8221; button_text_color=&#8221;#000000&#8243; button_bg_color=&#8221;#e02b20&#8243; custom_padding=&#8221;150px||150px||false|false&#8221;]<\/p>\n<h2 style=\"text-align: center; color: white; text-shadow: 2px 2px #141414; font-weight: bold;\">Profesorado<\/h2>\n<p>[\/divienhancer_flipBoxChild][divienhancer_flipBoxChild _builder_version=&#8221;4.4.8&#8243; background_color=&#8221;#333651&#8243; background_enable_color=&#8221;on&#8221; background_enable_image=&#8221;off&#8221; text_orientation=&#8221;justified&#8221; custom_padding=&#8221;2em|2em|2em|2em|true|true&#8221;]<span style=\"color: #fff1af;\">Conoce los profesores de L&#8217;Estudi, cada uno en su especialidad y con su pasi\u00f3n por la m\u00fasica te guiar\u00e1n tu camino en el aprendizaje musical<br \/>\n<\/span><\/p>\n<div class=\"h-centerflex\" style=\"margin-top: 1em;\"><a href=\"https:\/\/estudidemusica.cat\/el-profesorado\/\" class=\"et_pb_button linkcajas\">M\u00e1s informaci\u00f3n<\/a><\/div>\n<p>[\/divienhancer_flipBoxChild][\/divienhancer_flipBox][\/et_pb_column][et_pb_column type=&#8221;1_3&#8243; _builder_version=&#8221;4.4.8&#8243; custom_padding=&#8221;|2.5px||2.5px|false|true&#8221;][divienhancer_flipBox _builder_version=&#8221;4.4.8&#8243; link_option_url=&#8221;https:\/\/estudidemusica.cat\/oferta-de-cursos-de-musica-por-edad\/&#8221;][divienhancer_flipBoxChild identifier=&#8221;cara1&#8243; _builder_version=&#8221;4.4.8&#8243; background_image=&#8221;https:\/\/estudidemusica.cat\/wp-content\/uploads\/2020\/07\/ban-5-600.jpg&#8221; background_enable_image=&#8221;on&#8221; custom_button=&#8221;on&#8221; button_text_size=&#8221;15px&#8221; button_text_color=&#8221;#000000&#8243; button_bg_color=&#8221;#e02b20&#8243; custom_padding=&#8221;135px||165px||false|false&#8221;]<\/p>\n<h2 style=\"text-align: center; color: white; text-shadow: 2px 2px #141414; font-weight: bold;transform:translate(-25%, -25px);\">Por edades<\/h2>\n<p>[\/divienhancer_flipBoxChild][divienhancer_flipBoxChild _builder_version=&#8221;4.4.8&#8243; background_color=&#8221;#43204c&#8221; background_enable_color=&#8221;on&#8221; background_enable_image=&#8221;off&#8221; text_orientation=&#8221;justified&#8221; custom_padding=&#8221;2em|2em|2em|2em|true|true&#8221;]<\/p>\n<p><span style=\"color: #adffff;\">Ofrecemos clases de m\u00fasica para alumnos de edades desde 1 a\u00f1o y hasta la edad adulta para que todos encuentren su espacio de aprendizaje musical.<br \/> <\/span><\/p>\n<p><span style=\"color: #adffff;\"><\/span><\/p>\n<div class=\"h-centerflex\"><a href=\"https:\/\/estudidemusica.cat\/oferta-de-cursos-de-musica-por-edad\/\" class=\"et_pb_button linkcajas\">Saber m\u00e1s<\/a><\/div>\n<p>[\/divienhancer_flipBoxChild][\/divienhancer_flipBox][\/et_pb_column][\/et_pb_row][et_pb_row column_structure=&#8221;1_3,1_3,1_3&#8243; use_custom_gutter=&#8221;on&#8221; gutter_width=&#8221;1&#8243; disabled_on=&#8221;off|off|off&#8221; _builder_version=&#8221;4.4.8&#8243; width=&#8221;100%&#8221; custom_margin=&#8221;0px||0px||true|false&#8221; custom_padding=&#8221;2.5px||2.5px||true|false&#8221;][et_pb_column type=&#8221;1_3&#8243; _builder_version=&#8221;4.4.8&#8243; custom_padding=&#8221;|2.5px||2.5px|false|true&#8221;][divienhancer_flipBox _builder_version=&#8221;4.4.8&#8243;][divienhancer_flipBoxChild identifier=&#8221;cara1&#8243; _builder_version=&#8221;4.4.8&#8243; background_image=&#8221;https:\/\/estudidemusica.cat\/wp-content\/uploads\/2020\/07\/ban-6-600-1.jpg&#8221; background_enable_image=&#8221;on&#8221; custom_button=&#8221;on&#8221; button_text_size=&#8221;15px&#8221; button_text_color=&#8221;#000000&#8243; button_bg_color=&#8221;#e02b20&#8243; custom_padding=&#8221;150px||150px||false|false&#8221;]<\/p>\n<h2 style=\"text-align: center; color: white; text-shadow: 2px 2px #141414; font-weight: bold;\">Por instrumento<\/h2>\n<p>[\/divienhancer_flipBoxChild][divienhancer_flipBoxChild _builder_version=&#8221;4.4.8&#8243; background_color=&#8221;#333651&#8243; background_enable_color=&#8221;on&#8221; background_enable_image=&#8221;off&#8221; text_orientation=&#8221;justified&#8221; custom_padding=&#8221;2em|2em|2em|2em|true|true&#8221;]<\/p>\n<p><span style=\"color: #fff1af;\">Tenemos una amplia gama de clases de instrumento y variedad de estilos, podr\u00e1s conocer todos los instrumentos y elegir el que m\u00e1s se adapte a tus gustos. Puedes aprender m\u00fasica cl\u00e1sica y m\u00fasica moderna.<\/span><\/p>\n<div class=\"h-centerflex\" style=\"margin-top: 1em;\"><a href=\"\/instrumentos\/\" class=\"et_pb_button linkcajas\">INSTRUMENTOS<\/a><\/div>\n<p>[\/divienhancer_flipBoxChild][\/divienhancer_flipBox][\/et_pb_column][et_pb_column type=&#8221;1_3&#8243; _builder_version=&#8221;4.4.8&#8243; custom_padding=&#8221;|2.5px||2.5px|false|true&#8221;][divienhancer_flipBox _builder_version=&#8221;4.4.8&#8243; custom_padding=&#8221;||||false|false&#8221; link_option_url=&#8221;\/lenguaje-musical\/&#8221;][divienhancer_flipBoxChild identifier=&#8221;cara1&#8243; _builder_version=&#8221;4.4.8&#8243; background_image=&#8221;https:\/\/estudidemusica.cat\/wp-content\/uploads\/2020\/06\/ban3.jpg&#8221; background_enable_image=&#8221;on&#8221; custom_button=&#8221;on&#8221; button_text_size=&#8221;15px&#8221; button_text_color=&#8221;#000000&#8243; button_bg_color=&#8221;#e02b20&#8243; custom_padding=&#8221;150px||150px||false|false&#8221;]<\/p>\n<h2 style=\"text-align: center; color: black; text-shadow: 2px 2px #f4f4f4; font-weight: bold;\">Lenguaje musical<\/h2>\n<p>[\/divienhancer_flipBoxChild][divienhancer_flipBoxChild _builder_version=&#8221;4.4.8&#8243; background_color=&#8221;#43204c&#8221; background_enable_color=&#8221;on&#8221; background_enable_image=&#8221;off&#8221; text_orientation=&#8221;justified&#8221; custom_padding=&#8221;2em|2em|2em|2em|true|true&#8221;]<span style=\"color: #adffff;\">Ofrecemos clases de lenguaje musical para todos niveles y edades desde los m\u00e1s peque\u00f1os hasta los que han decidido comenzar los estudios musical a la edad adulta. Nunca es tarde para empezar<\/span><\/p>\n<div class=\"h-centerflex\" style=\"margin-top: 1em;\"><a href=\"\/lenguaje-musical\/\" class=\"et_pb_button linkcajas\">M\u00e1s informaci\u00f3n<\/a><\/div>\n<p>&nbsp;[\/divienhancer_flipBoxChild][\/divienhancer_flipBox][\/et_pb_column][et_pb_column type=&#8221;1_3&#8243; _builder_version=&#8221;4.4.8&#8243; custom_padding=&#8221;|2.5px||2.5px|false|true&#8221;][divienhancer_flipBox _builder_version=&#8221;4.4.8&#8243; background_enable_color=&#8221;off&#8221; background_enable_image=&#8221;off&#8221; min_height_tablet=&#8221;&#8221; min_height_phone=&#8221;&#8221; min_height_last_edited=&#8221;on|tablet&#8221; custom_padding_tablet=&#8221;||||false|false&#8221; custom_padding_phone=&#8221;&#8221; custom_padding_last_edited=&#8221;on|tablet&#8221;][divienhancer_flipBoxChild identifier=&#8221;cara1&#8243; _builder_version=&#8221;4.4.8&#8243; background_image=&#8221;https:\/\/estudidemusica.cat\/wp-content\/uploads\/2020\/06\/ban2.jpg&#8221; background_enable_image=&#8221;on&#8221; custom_button=&#8221;on&#8221; button_text_size=&#8221;15px&#8221; button_text_color=&#8221;#000000&#8243; button_bg_color=&#8221;#e02b20&#8243; custom_padding=&#8221;150px||150px||true|false&#8221; custom_padding_tablet=&#8221;230px||230px||false|false&#8221; custom_padding_phone=&#8221;&#8221; custom_padding_last_edited=&#8221;on|desktop&#8221;]<\/p>\n<h2 style=\"text-align: center; color: white; text-shadow: 2px 2px #141414; font-weight: bold;\">Actividades grupales<\/h2>\n<p>[\/divienhancer_flipBoxChild][divienhancer_flipBoxChild _builder_version=&#8221;4.4.8&#8243; background_color=&#8221;#333651&#8243; background_enable_color=&#8221;on&#8221; background_enable_image=&#8221;off&#8221; text_orientation=&#8221;justified&#8221; custom_padding=&#8221;2em|2em|2em|2em|true|true&#8221; link_option_url=&#8221;\/grupos-musicales\/&#8221;]<span style=\"color: #fff1af;\">Nuestra escuela promueve la importancia de los grupos corales e instrumentales tanto para el desarrollo como m\u00fasico, como para el crecimiento personal.<\/span><\/p>\n<div class=\"h-centerflex\" style=\"margin-top: 1em;\"><a href=\"\/grupos-musicales\/\" class=\"et_pb_button linkcajas\">M\u00e1s informaci\u00f3n<\/a><\/div>\n<p>&nbsp;[\/divienhancer_flipBoxChild][\/divienhancer_flipBox][\/et_pb_column][\/et_pb_row][\/et_pb_section][et_pb_section fb_built=&#8221;1&#8243; _builder_version=&#8221;4.4.8&#8243; custom_padding=&#8221;0px||0px|||&#8221;][et_pb_row _builder_version=&#8221;4.4.8&#8243;][et_pb_column type=&#8221;4_4&#8243; _builder_version=&#8221;4.4.8&#8243;][et_pb_image src=&#8221;https:\/\/estudidemusica.cat\/wp-content\/uploads\/2020\/06\/logo-lletres-petit-sombra-1.png&#8221; alt=&#8221;l&#8217;estudi de m\u00fasica escuela de m\u00fasica en Tarragona&#8221; title_text=&#8221;l&#8217;estudi de m\u00fasica escuela de m\u00fasica en Tarragona&#8221; align=&#8221;center&#8221; _builder_version=&#8221;4.4.8&#8243;][\/et_pb_image][et_pb_text _builder_version=&#8221;4.4.8&#8243; text_font_size=&#8221;18px&#8221; text_orientation=&#8221;justified&#8221; width=&#8221;90%&#8221; max_width=&#8221;1000px&#8221; module_alignment=&#8221;center&#8221; text_font_size_tablet=&#8221;14px&#8221; text_font_size_phone=&#8221;&#8221; text_font_size_last_edited=&#8221;on|desktop&#8221;]<\/p>\n<h2>L\u2019Estudi de M\u00fasica de Tarragona<\/h2>\n<p>&nbsp;<\/p>\n<p><strong>L<\/strong>\u2019Estudi de M\u00fasica naci\u00f3 en <strong>1985<\/strong>, con la intenci\u00f3n de <strong>ense\u00f1ar m\u00fasica de una manera diferente<\/strong>, con nuevas metodolog\u00edas y, sobre todo pensando que <strong>la m\u00fasica debe ser para todos<\/strong>, tanto para aquellos que quieren hacer su profesi\u00f3n, como para todos los que quieran disfrutar de la m\u00fasica en sus ratos de ocio.<\/p>\n<p><strong>E<\/strong>n su af\u00e1n por compartir el trabajo entre los compa\u00f1eros, en 1990 el Estudio de M\u00fasica se convierte en una Cooperativa de Trabajo, forma jur\u00eddica que tiene actualmente.<\/p>\n<p><strong>E<\/strong>n 1997 inauguramos las actuales instalaciones del Pasaje Cobos, 3 de Tarragona y, teniendo en cuenta que el nuevo local cumpl\u00eda todos los requisitos solicitados por el Departamento de Ense\u00f1anza, solicitamos la Autorizaci\u00f3n de la Generalidad como <strong>escuela de M\u00fasica <\/strong>en Tarragona, lo que obtuvimos en enero del a\u00f1o 2000.<\/p>\n<p><strong>A<\/strong> lo largo de todos estos a\u00f1os la oferta formativa de nuestra escuela de m\u00fasica se ha ido ampliando y ofrecemos ense\u00f1anza musical para alumnos desde un a\u00f1o y hasta la edad adulta para que todos encuentren su espacio de aprendizaje musical.<br \/>Tambi\u00e9n tenemos una amplia oferta de clases de instrumento y variedad de estilos, se puede aprender m\u00fasica cl\u00e1sica, moderna y participar en los diferentes grupos vocales e instrumentales que se han ido formando a lo largo de casi 35 a\u00f1os de historia.<\/p>\n<p>[\/et_pb_text][\/et_pb_column][\/et_pb_row][\/et_pb_section][et_pb_section fb_built=&#8221;1&#8243; _builder_version=&#8221;4.4.8&#8243;][et_pb_row _builder_version=&#8221;4.4.8&#8243;][et_pb_column type=&#8221;4_4&#8243; _builder_version=&#8221;4.4.8&#8243;][et_pb_text _builder_version=&#8221;4.4.8&#8243; text_font_size=&#8221;18px&#8221; text_orientation=&#8221;justified&#8221; width=&#8221;100%&#8221; max_width=&#8221;100%&#8221; module_alignment=&#8221;center&#8221; text_font_size_tablet=&#8221;14px&#8221; text_font_size_phone=&#8221;&#8221; text_font_size_last_edited=&#8221;on|desktop&#8221;]<\/p>\n<h2 style=\"text-align: left;\">\u00daltimas noticias de L&#8217;Estudi<\/h2>\n<p>[\/et_pb_text][et_pb_blog fullwidth=&#8221;off&#8221; posts_number=&#8221;3&#8243; include_categories=&#8221;all&#8221; show_more=&#8221;on&#8221; show_author=&#8221;off&#8221; show_categories=&#8221;off&#8221; _builder_version=&#8221;4.4.8&#8243; header_text_align=&#8221;center&#8221; body_font_size=&#8221;13px&#8221; text_orientation=&#8221;justified&#8221; body_font_size_tablet=&#8221;12px&#8221; body_font_size_phone=&#8221;14px&#8221; body_font_size_last_edited=&#8221;on|phone&#8221; divienhancer_set=&#8221;hover_effects&#8221; divienhancer_hover_effect=&#8221;divienhancer-grow&#8221;][\/et_pb_blog][\/et_pb_column][\/et_pb_row][et_pb_row _builder_version=&#8221;4.4.8&#8243;][et_pb_column type=&#8221;4_4&#8243; _builder_version=&#8221;4.4.8&#8243;][et_pb_text _builder_version=&#8221;4.4.8&#8243; text_font_size=&#8221;18px&#8221; text_orientation=&#8221;justified&#8221; width=&#8221;100%&#8221; max_width=&#8221;100%&#8221; module_alignment=&#8221;center&#8221; text_font_size_tablet=&#8221;14px&#8221; text_font_size_phone=&#8221;&#8221; text_font_size_last_edited=&#8221;on|desktop&#8221;]<\/p>\n<h2 style=\"text-align: left;\">S\u00edguenos en Facebook<\/h2>\n<p>[\/et_pb_text][et_pb_code _builder_version=&#8221;4.4.8&#8243; hover_enabled=&#8221;0&#8243;][fts_facebook type=page id=417388275042747 access_token=EAAP9hArvboQBANtXj1ZAQZAgzAWgwGvIb08NLDcsXkQFiP1mMxrqVZAU5NlqG9pSucZCPZAJgNFQu45j5wBA43fvyZBISZAF27MDVUXyke9xn7n5YwttPSpNVJAk7VMA7wyKFf6ZBTWB1ZC2ZAJpIaSLSBBXnYd7uvZAZAdxcoHTOU3ZAqQZDZD posts=3 height=450px description=yes posts_displayed=page_only images_align=center][\/et_pb_code][\/et_pb_column][\/et_pb_row][\/et_pb_section][et_pb_section fb_built=&#8221;1&#8243; module_id=&#8221;generosmusicales&#8221; _builder_version=&#8221;4.4.8&#8243; background_color=&#8221;#000000&#8243; background_image=&#8221;https:\/\/estudidemusica.cat\/wp-content\/uploads\/2020\/06\/ban1.jpg&#8221; parallax=&#8221;on&#8221; custom_padding=&#8221;0px||0px|||&#8221;][et_pb_row _builder_version=&#8221;4.4.8&#8243;][et_pb_column type=&#8221;4_4&#8243; _builder_version=&#8221;4.4.8&#8243;][et_pb_text _builder_version=&#8221;4.4.8&#8243; text_text_color=&#8221;#ffffff&#8221; text_font_size=&#8221;18px&#8221; header_text_color=&#8221;#ffffff&#8221; header_2_text_align=&#8221;center&#8221; header_2_text_color=&#8221;#ffffff&#8221; text_orientation=&#8221;justified&#8221; width=&#8221;90%&#8221; max_width=&#8221;1000px&#8221; module_alignment=&#8221;center&#8221; animation_style=&#8221;fade&#8221; animation_duration=&#8221;1300ms&#8221; animation_starting_opacity=&#8221;10%&#8221; animation_speed_curve=&#8221;ease-in&#8221; text_font_size_tablet=&#8221;14px&#8221; text_font_size_phone=&#8221;&#8221; text_font_size_last_edited=&#8221;on|desktop&#8221;]<\/p>\n<h2>M\u00fasica moderna y cl\u00e1sica en nuestra escuela de m\u00fasica de Tarragona<\/h2>\n<p>&nbsp;<\/p>\n<p>[\/et_pb_text][\/et_pb_column][\/et_pb_row][et_pb_row column_structure=&#8221;1_2,1_2&#8243; _builder_version=&#8221;4.4.8&#8243; background_enable_color=&#8221;off&#8221; max_width=&#8221;1200px&#8221;][et_pb_column type=&#8221;1_2&#8243; _builder_version=&#8221;4.4.8&#8243; background_enable_color=&#8221;off&#8221;][et_pb_image src=&#8221;https:\/\/estudidemusica.cat\/wp-content\/uploads\/2020\/07\/guitara-electrica.jpg&#8221; title_text=&#8221;guitara electrica&#8221; _builder_version=&#8221;4.4.8&#8243; animation_style=&#8221;fade&#8221; animation_duration=&#8221;1300ms&#8221; animation_starting_opacity=&#8221;10%&#8221; animation_speed_curve=&#8221;ease-in&#8221;][\/et_pb_image][\/et_pb_column][et_pb_column type=&#8221;1_2&#8243; _builder_version=&#8221;4.4.8&#8243; background_color=&#8221;rgba(0,0,0,0.55)&#8221;][et_pb_text _builder_version=&#8221;4.4.8&#8243; text_text_color=&#8221;#ffffff&#8221; text_font_size=&#8221;18px&#8221; text_orientation=&#8221;justified&#8221; width=&#8221;90%&#8221; max_width=&#8221;1000px&#8221; module_alignment=&#8221;center&#8221; custom_padding=&#8221;1em||1em||true|false&#8221; animation_style=&#8221;fade&#8221; animation_duration=&#8221;1300ms&#8221; animation_starting_opacity=&#8221;10%&#8221; animation_speed_curve=&#8221;ease-in&#8221; text_font_size_tablet=&#8221;14px&#8221; text_font_size_phone=&#8221;&#8221; text_font_size_last_edited=&#8221;on|desktop&#8221;]<\/p>\n<p><strong><span style=\"color: #ff0000;\">L<\/span><\/strong>levamos m\u00e1s de 35 a\u00f1os ense\u00f1ando m\u00fasica en una variedad de g\u00e9neros modernos y cl\u00e1sicos. Somos tanto la escuela de m\u00fasica cl\u00e1sica, como somos escuela de m\u00fasica moderna porque consideramos que ofrecerle a los alumnos un curr\u00edculo variado los ayudara en desarrollarse como interpretes y autores de manera creativa y superior pudiendo incorporar en sus creaciones e interpretaciones sus conocimientos de varios g\u00e9neros cl\u00e1sicos y modernos.<\/p>\n<p><span style=\"color: #ff0000;\"><strong>S<\/strong><\/span>omos convencidos que los m\u00fasicos que tienen en su &#8220;caja de herramientas&#8221; tanto la m\u00fasica cl\u00e1sica como la moderna llegan a ser mejores en cualquier g\u00e9nero musical en cual se deciden especializar. Porque ellos pueden incorporar ideas y t\u00e9cnicas desde otros g\u00e9neros musicales que conocen para enriquecer el g\u00e9nero que eligen como su especialidad.<\/p>\n<p>[\/et_pb_text][\/et_pb_column][\/et_pb_row][et_pb_row _builder_version=&#8221;4.4.8&#8243; background_image=&#8221;https:\/\/estudidemusica.cat\/wp-content\/uploads\/2020\/07\/banner-negro.jpg&#8221; parallax=&#8221;on&#8221; custom_padding=&#8221;27px||185px|||&#8221;][et_pb_column type=&#8221;4_4&#8243; _builder_version=&#8221;4.4.8&#8243;][\/et_pb_column][\/et_pb_row][et_pb_row column_structure=&#8221;1_2,1_2&#8243; _builder_version=&#8221;4.4.8&#8243; background_enable_color=&#8221;off&#8221; max_width=&#8221;1200px&#8221;][et_pb_column type=&#8221;1_2&#8243; _builder_version=&#8221;4.4.8&#8243; background_color=&#8221;rgba(0,0,0,0.83)&#8221;][et_pb_text _builder_version=&#8221;4.4.8&#8243; text_text_color=&#8221;#ffffff&#8221; text_font_size=&#8221;18px&#8221; text_orientation=&#8221;justified&#8221; width=&#8221;90%&#8221; max_width=&#8221;1000px&#8221; module_alignment=&#8221;center&#8221; custom_padding=&#8221;1em||1em||true|false&#8221; animation_style=&#8221;fade&#8221; animation_duration=&#8221;1300ms&#8221; animation_starting_opacity=&#8221;10%&#8221; animation_speed_curve=&#8221;ease-in&#8221; text_font_size_tablet=&#8221;14px&#8221; text_font_size_phone=&#8221;&#8221; text_font_size_last_edited=&#8221;on|desktop&#8221;]<\/p>\n<p><span style=\"color: #ff0000;\"><strong>H<\/strong><\/span>ay muchas razones para aprender diferentes g\u00e9neros. Una es aprender la teor\u00eda detr\u00e1s de esto y otra es simplemente aprender el g\u00e9nero para el conocimiento musical.\u00a0<\/p>\n<p><strong><span style=\"color: #ff0000;\">N<\/span><\/strong>o es necesario que te gusten todos los g\u00e9neros que escuchas, pero puedes respetarlos por lo que te pueden ense\u00f1ar. Siempre que aprenda un nuevo g\u00e9nero puede decir &#8220;Estoy absorbiendo una nueva forma de m\u00fasica&#8221;.<\/p>\n<p><span style=\"color: #ff0000;\"><strong>C<\/strong><\/span>on m\u00e1s m\u00fasica producida en la era actual que nunca, y con muchos artistas inspirados en piezas cl\u00e1sicas, esta vieja forma de arte est\u00e1 lejos de estar muerta. A lo largo de los siglos, la m\u00fasica cl\u00e1sica se ha transformado para convertirse en un bloque de construcci\u00f3n, estableciendo el marco para m\u00fasicos de todo tipo en la actualidad.<\/p>\n<p>[\/et_pb_text][et_pb_text _builder_version=&#8221;4.4.8&#8243; text_text_color=&#8221;#ffffff&#8221; text_font_size=&#8221;18px&#8221; header_3_text_color=&#8221;#e02b20&#8243; text_orientation=&#8221;justified&#8221; width=&#8221;90%&#8221; max_width=&#8221;1000px&#8221; module_alignment=&#8221;center&#8221; animation_style=&#8221;fade&#8221; animation_duration=&#8221;1300ms&#8221; animation_starting_opacity=&#8221;10%&#8221; animation_speed_curve=&#8221;ease-in&#8221; text_font_size_tablet=&#8221;14px&#8221; text_font_size_phone=&#8221;&#8221; text_font_size_last_edited=&#8221;on|desktop&#8221;]<\/p>\n<h3>Como dice el refr\u00e1n &#8220;el conocimiento es poder&#8221;.<\/h3>\n<p><span style=\"color: #ff0000;\"><strong>M<\/strong><\/span>uchos estudios incluso han demostrado que la m\u00fasica, especialmente aprender m\u00fasica cl\u00e1sica, puede tener una amplia variedad de beneficios cognitivos.<\/p>\n<p>[\/et_pb_text][\/et_pb_column][et_pb_column type=&#8221;1_2&#8243; _builder_version=&#8221;4.4.8&#8243;][et_pb_image src=&#8221;https:\/\/estudidemusica.cat\/wp-content\/uploads\/2020\/07\/guitara-clasica.jpg&#8221; title_text=&#8221;guitara clasica&#8221; _builder_version=&#8221;4.4.8&#8243; animation_style=&#8221;fade&#8221; animation_duration=&#8221;1300ms&#8221; animation_starting_opacity=&#8221;10%&#8221; animation_speed_curve=&#8221;ease-in&#8221;][\/et_pb_image][\/et_pb_column][\/et_pb_row][\/et_pb_section][et_pb_section fb_built=&#8221;1&#8243; _builder_version=&#8221;4.4.8&#8243; custom_padding=&#8221;0px||0px|||&#8221;][et_pb_row _builder_version=&#8221;4.4.8&#8243; width=&#8221;100%&#8221; max_width=&#8221;100%&#8221; custom_padding=&#8221;0px||0px||false|false&#8221;][et_pb_column type=&#8221;4_4&#8243; _builder_version=&#8221;4.4.8&#8243;][et_pb_cta title=&#8221;Contacta con nosotros para m\u00e1s informaci\u00f3n e inscripciones&#8221; button_url=&#8221;\/contacto\/&#8221; button_text=&#8221;Contacto escuela de m\u00fasica Tarragona&#8221; _builder_version=&#8221;4.4.8&#8243; background_color=&#8221;#89222c&#8221; custom_button=&#8221;on&#8221; button_border_width=&#8221;1px&#8221; button_bg_color__hover_enabled=&#8221;on|hover&#8221; button_bg_color__hover=&#8221;#ffffff&#8221; button_bg_enable_color__hover=&#8221;on&#8221; button_border_width__hover_enabled=&#8221;on|desktop&#8221; button_border_width__hover=&#8221;0px&#8221; button_text_color__hover_enabled=&#8221;on|hover&#8221; button_text_color__hover=&#8221;#000000&#8243;][\/et_pb_cta][\/et_pb_column][\/et_pb_row][\/et_pb_section][et_pb_section fb_built=&#8221;1&#8243; module_id=&#8221;todaslasedades&#8221; _builder_version=&#8221;4.4.8&#8243; background_color=&#8221;rgba(234,234,234,0.07)&#8221; background_enable_image=&#8221;off&#8221; parallax=&#8221;on&#8221; custom_padding=&#8221;0px||0px|||&#8221;][et_pb_row _builder_version=&#8221;4.4.8&#8243;][et_pb_column type=&#8221;4_4&#8243; _builder_version=&#8221;4.4.8&#8243; background_enable_color=&#8221;off&#8221; custom_padding=&#8221;1em||1em||true|false&#8221; animation_direction=&#8221;left&#8221;][et_pb_text _builder_version=&#8221;4.4.8&#8243; text_text_color=&#8221;#000000&#8243; text_font_size=&#8221;18px&#8221; header_2_text_align=&#8221;center&#8221; header_2_text_color=&#8221;#e02b20&#8243; header_3_font=&#8221;|600||||on|||&#8221; header_3_text_color=&#8221;#c91616&#8243; background_enable_color=&#8221;off&#8221; text_orientation=&#8221;justified&#8221; width=&#8221;90%&#8221; max_width=&#8221;1000px&#8221; module_alignment=&#8221;center&#8221; text_font_size_tablet=&#8221;14px&#8221; text_font_size_phone=&#8221;&#8221; text_font_size_last_edited=&#8221;on|desktop&#8221;]<\/p>\n<h2>Clases de M\u00fasica de a Tarragona para todas las edades<\/h2>\n<p>[\/et_pb_text][\/et_pb_column][\/et_pb_row][et_pb_row column_structure=&#8221;1_5,1_5,1_5,1_5,1_5&#8243; use_custom_gutter=&#8221;on&#8221; gutter_width=&#8221;2&#8243; make_equal=&#8221;on&#8221; _builder_version=&#8221;4.4.8&#8243; width=&#8221;100%&#8221; max_width=&#8221;98%&#8221; module_alignment=&#8221;center&#8221; custom_margin=&#8221;||4em||false|false&#8221; custom_margin_tablet=&#8221;&#8221; custom_margin_phone=&#8221;&#8221; custom_margin_last_edited=&#8221;on|desktop&#8221; custom_padding=&#8221;||||false|false&#8221;][et_pb_column type=&#8221;1_5&#8243; _builder_version=&#8221;4.4.8&#8243; background_enable_color=&#8221;off&#8221; custom_padding=&#8221;||||false|false&#8221; animation_style=&#8221;fold&#8221; animation_direction=&#8221;left&#8221; animation_duration=&#8221;1200ms&#8221; link_option_url=&#8221;https:\/\/estudidemusica.cat\/oferta-de-cursos-de-musica-por-edad\/&#8221;][et_pb_image src=&#8221;https:\/\/estudidemusica.cat\/wp-content\/uploads\/2020\/07\/edad1.jpg&#8221; alt=&#8221;clases de iniciaci\u00f3n en la m\u00fasica para ni\u00f3s de 1 a 3 a\u00f1os&#8221; title_text=&#8221;clases de iniciaci\u00f3n en la m\u00fasica para ni\u00f3s de 1 a 3 a\u00f1os&#8221; _builder_version=&#8221;4.4.8&#8243; background_enable_color=&#8221;off&#8221;][\/et_pb_image][et_pb_text _builder_version=&#8221;4.4.8&#8243; text_text_color=&#8221;#000000&#8243; text_font_size=&#8221;18px&#8221; header_2_text_align=&#8221;center&#8221; header_3_font=&#8221;|600||||on|||&#8221; header_3_text_color=&#8221;#c91616&#8243; background_enable_color=&#8221;off&#8221; text_orientation=&#8221;justified&#8221; width=&#8221;100%&#8221; max_width=&#8221;1000px&#8221; module_alignment=&#8221;center&#8221; min_height=&#8221;120px&#8221; min_height_tablet=&#8221;80px&#8221; min_height_phone=&#8221;&#8221; min_height_last_edited=&#8221;on|desktop&#8221; custom_margin=&#8221;||0px||false|false&#8221; text_font_size_tablet=&#8221;14px&#8221; text_font_size_phone=&#8221;&#8221; text_font_size_last_edited=&#8221;on|desktop&#8221;]<\/p>\n<h3 style=\"text-align: center;\">Clases de iniciaci\u00f3n en la m\u00fasica<\/h3>\n<h3 style=\"text-align: center;\">Para los m\u00e1s peque\u00f1os<\/h3>\n<p>[\/et_pb_text][et_pb_toggle title=&#8221;Estas clases son para ni\u00f1os entre 1-3 a\u00f1os acompa\u00f1ados de&#8230; (toca para leer m\u00e1s)&#8221; open_toggle_text_color=&#8221;#ffffff&#8221; open_toggle_background_color=&#8221;#ffffff&#8221; closed_toggle_background_color=&#8221;#000000&#8243; icon_color=&#8221;#e02b20&#8243; _builder_version=&#8221;4.4.8&#8243; title_text_color=&#8221;#ffffff&#8221; custom_margin=&#8221;||||false|false&#8221;]<\/p>\n<p>Estas clases son para ni\u00f1os entre 1-3 a\u00f1os acompa\u00f1ados de padres o abuelos y su prop\u00f3sito es de favorecer el desarrollo cognitivo del alumno y su ritmo y coordinaci\u00f3n, a parte de esto las clases sirven tambi\u00e9n\u00a0 para aprender a interaccionar con otros ni\u00f1os de su edad y compartir.<\/p>\n<p>&nbsp;<\/p>\n<p>[\/et_pb_toggle][\/et_pb_column][et_pb_column type=&#8221;1_5&#8243; _builder_version=&#8221;4.4.8&#8243; background_enable_color=&#8221;off&#8221; custom_padding=&#8221;||||false|false&#8221; animation_style=&#8221;fold&#8221; animation_direction=&#8221;left&#8221; animation_duration=&#8221;1200ms&#8221; link_option_url=&#8221;https:\/\/estudidemusica.cat\/oferta-de-cursos-de-musica-por-edad\/&#8221;][et_pb_image src=&#8221;https:\/\/estudidemusica.cat\/wp-content\/uploads\/2020\/07\/edad2.jpg&#8221; title_text=&#8221;edad2&#8243; _builder_version=&#8221;4.4.8&#8243;][\/et_pb_image][et_pb_text _builder_version=&#8221;4.4.8&#8243; text_text_color=&#8221;#000000&#8243; text_font_size=&#8221;18px&#8221; header_2_text_align=&#8221;center&#8221; header_3_font=&#8221;|600||||on|||&#8221; header_3_text_color=&#8221;#c91616&#8243; background_enable_color=&#8221;off&#8221; text_orientation=&#8221;justified&#8221; width=&#8221;100%&#8221; max_width=&#8221;1000px&#8221; module_alignment=&#8221;center&#8221; min_height=&#8221;120px&#8221; min_height_tablet=&#8221;80px&#8221; min_height_phone=&#8221;&#8221; min_height_last_edited=&#8221;on|desktop&#8221; custom_margin=&#8221;||0px||false|false&#8221; text_font_size_tablet=&#8221;14px&#8221; text_font_size_phone=&#8221;&#8221; text_font_size_last_edited=&#8221;on|desktop&#8221;]<\/p>\n<h3 style=\"text-align: center;\">Clases de sensibilizaci\u00f3n en la m\u00fasica <\/h3>\n<h3 style=\"text-align: center;\">Para ni\u00f1os hasta 7 a\u00f1os<\/h3>\n<p>[\/et_pb_text][et_pb_toggle title=&#8221;La clase de sensibilizaci\u00f3n est\u00e1 destinada en alimentar el inter\u00e9s de&#8230; (toca para leer m\u00e1s)&#8221; open_toggle_text_color=&#8221;#ffffff&#8221; open_toggle_background_color=&#8221;#ffffff&#8221; closed_toggle_background_color=&#8221;#000000&#8243; icon_color=&#8221;#e02b20&#8243; _builder_version=&#8221;4.4.8&#8243; title_text_color=&#8221;#ffffff&#8221;]<\/p>\n<p>La clase de sensibilizaci\u00f3n est\u00e1 destinada en alimentar el inter\u00e9s del alumno para la m\u00fasica, ayudarle a encontrar el instrumento a trav\u00e9s cu\u00e1l mejor se expresa.<\/p>\n<p>A trav\u00e9s de juegos, actividades y audiciones fomentamos el aprendizaje que mezcla eficiencia y diversi\u00f3n.<\/p>\n<p>[\/et_pb_toggle][\/et_pb_column][et_pb_column type=&#8221;1_5&#8243; _builder_version=&#8221;4.4.8&#8243; background_enable_color=&#8221;off&#8221; custom_padding=&#8221;||||false|false&#8221; animation_style=&#8221;fold&#8221; animation_direction=&#8221;left&#8221; animation_duration=&#8221;1200ms&#8221; link_option_url=&#8221;https:\/\/estudidemusica.cat\/oferta-de-cursos-de-musica-por-edad\/&#8221;][et_pb_image src=&#8221;https:\/\/estudidemusica.cat\/wp-content\/uploads\/2020\/07\/edad3.jpg&#8221; title_text=&#8221;edad3&#8243; _builder_version=&#8221;4.4.8&#8243;][\/et_pb_image][et_pb_text _builder_version=&#8221;4.4.8&#8243; text_text_color=&#8221;#000000&#8243; text_font_size=&#8221;18px&#8221; header_2_text_align=&#8221;center&#8221; header_3_font=&#8221;|600||||on|||&#8221; header_3_text_color=&#8221;#c91616&#8243; background_enable_color=&#8221;off&#8221; text_orientation=&#8221;justified&#8221; width=&#8221;100%&#8221; max_width=&#8221;1000px&#8221; module_alignment=&#8221;center&#8221; min_height=&#8221;120px&#8221; min_height_tablet=&#8221;80px&#8221; min_height_phone=&#8221;&#8221; min_height_last_edited=&#8221;on|desktop&#8221; custom_margin=&#8221;||0px||false|false&#8221; text_font_size_tablet=&#8221;14px&#8221; text_font_size_phone=&#8221;&#8221; text_font_size_last_edited=&#8221;on|desktop&#8221;]<\/p>\n<h3 style=\"text-align: center;\">Clases de nivel elemental<\/h3>\n<h3 style=\"text-align: center;\">para ni\u00f1os a partir de 8 a\u00f1os<\/h3>\n<p>[\/et_pb_text][et_pb_toggle title=&#8221;Las clases de nivel elemental contin\u00faan la labor de las clases de  sensib&#8230; (toca para leer m\u00e1s )&#8221; open_toggle_text_color=&#8221;#ffffff&#8221; open_toggle_background_color=&#8221;#ffffff&#8221; closed_toggle_background_color=&#8221;#000000&#8243; icon_color=&#8221;#e02b20&#8243; _builder_version=&#8221;4.4.8&#8243; title_text_color=&#8221;#ffffff&#8221;]<\/p>\n<p>Las clases de nivel elemental contin\u00faan la labor de las clases de sensibilizaci\u00f3n (ni\u00f1os hasta 7 a\u00f1os) con el objetivo de ayudar el alumno dominar las t\u00e9cnicas principales en el instrumento elegido o vocal, tanto a nivel te\u00f3rico como practico.<\/p>\n<p>&nbsp;<\/p>\n<p>[\/et_pb_toggle][\/et_pb_column][et_pb_column type=&#8221;1_5&#8243; _builder_version=&#8221;4.4.8&#8243; background_enable_color=&#8221;off&#8221; custom_padding=&#8221;||||false|false&#8221; animation_style=&#8221;fold&#8221; animation_direction=&#8221;left&#8221; animation_duration=&#8221;1200ms&#8221; link_option_url=&#8221;https:\/\/estudidemusica.cat\/oferta-de-cursos-de-musica-por-edad\/&#8221;][et_pb_image src=&#8221;https:\/\/estudidemusica.cat\/wp-content\/uploads\/2020\/07\/edad4.jpg&#8221; title_text=&#8221;edad4&#8243; _builder_version=&#8221;4.4.8&#8243;][\/et_pb_image][et_pb_text _builder_version=&#8221;4.4.8&#8243; text_text_color=&#8221;#000000&#8243; text_font_size=&#8221;18px&#8221; header_2_text_align=&#8221;center&#8221; header_3_font=&#8221;|600||||on|||&#8221; header_3_text_color=&#8221;#c91616&#8243; background_enable_color=&#8221;off&#8221; text_orientation=&#8221;justified&#8221; width=&#8221;100%&#8221; max_width=&#8221;1000px&#8221; module_alignment=&#8221;center&#8221; min_height=&#8221;120px&#8221; min_height_tablet=&#8221;80px&#8221; min_height_phone=&#8221;&#8221; min_height_last_edited=&#8221;on|desktop&#8221; custom_margin=&#8221;||0px||false|false&#8221; text_font_size_tablet=&#8221;14px&#8221; text_font_size_phone=&#8221;&#8221; text_font_size_last_edited=&#8221;on|desktop&#8221;]<\/p>\n<h3 style=\"text-align: center;\">Clases de nivel medio<\/h3>\n<h3 style=\"text-align: center;\">Para ni\u00f1os a partir de 12 a\u00f1os<\/h3>\n<p>[\/et_pb_text][et_pb_toggle title=&#8221;Nuestras clases de nivel medio est\u00e1n dedicadas a los ni\u00f1os que ya supera&#8230; (toca para leer m\u00e1s)&#8221; open_toggle_text_color=&#8221;#ffffff&#8221; open_toggle_background_color=&#8221;#ffffff&#8221; closed_toggle_background_color=&#8221;#000000&#8243; icon_color=&#8221;#e02b20&#8243; _builder_version=&#8221;4.4.8&#8243; title_text_color=&#8221;#ffffff&#8221;]<\/p>\n<p>Nuestras clases de nivel medio est\u00e1n dedicadas a los ni\u00f1os que ya superan el nivel elemental con el objetivo de ampliar los conocimientos te\u00f3ricos y pr\u00e1cticos\u00a0 para adquirir\u00a0el nivel necesario para poder seguir estudios de grado superior o la v\u00eda profesional.<\/p>\n<p>Tambi\u00e9n pueden seguir el curso los alumnos que simplemente quieren ampliar sus conocimientos y afinar su t\u00e9cnica sin elegir la m\u00fasica como profesi\u00f3n.<\/p>\n<p>[\/et_pb_toggle][\/et_pb_column][et_pb_column type=&#8221;1_5&#8243; _builder_version=&#8221;4.4.8&#8243; background_enable_color=&#8221;off&#8221; custom_padding=&#8221;||||false|false&#8221; animation_style=&#8221;fold&#8221; animation_direction=&#8221;left&#8221; animation_duration=&#8221;1200ms&#8221; link_option_url=&#8221;https:\/\/estudidemusica.cat\/oferta-de-cursos-de-musica-por-edad\/&#8221;][et_pb_image src=&#8221;https:\/\/estudidemusica.cat\/wp-content\/uploads\/2020\/07\/edad5.jpg&#8221; title_text=&#8221;edad5&#8243; _builder_version=&#8221;4.4.8&#8243;][\/et_pb_image][et_pb_text _builder_version=&#8221;4.4.8&#8243; text_text_color=&#8221;#000000&#8243; text_font_size=&#8221;18px&#8221; header_2_text_align=&#8221;center&#8221; header_3_font=&#8221;|600||||on|||&#8221; header_3_text_color=&#8221;#c91616&#8243; background_enable_color=&#8221;off&#8221; text_orientation=&#8221;justified&#8221; width=&#8221;100%&#8221; max_width=&#8221;1000px&#8221; module_alignment=&#8221;center&#8221; min_height=&#8221;120px&#8221; min_height_tablet=&#8221;80px&#8221; min_height_phone=&#8221;&#8221; min_height_last_edited=&#8221;on|desktop&#8221; custom_margin=&#8221;||0px||false|false&#8221; text_font_size_tablet=&#8221;14px&#8221; text_font_size_phone=&#8221;&#8221; text_font_size_last_edited=&#8221;on|desktop&#8221;]<\/p>\n<h3 style=\"text-align: center;\">Clases para adultos<\/h3>\n<h3 style=\"text-align: center;\">Desde iniciaci\u00f3n &#8211; hasta avanzado<\/h3>\n<p>[\/et_pb_text][et_pb_toggle title=&#8221;Ofrecemos clases de m\u00fasica para adultos en todos los niveles. No se nec&#8230; (toca para leer m\u00e1s)&#8221; open_toggle_text_color=&#8221;#ffffff&#8221; open_toggle_background_color=&#8221;#ffffff&#8221; closed_toggle_background_color=&#8221;#000000&#8243; icon_color=&#8221;#e02b20&#8243; _builder_version=&#8221;4.4.8&#8243; title_text_color=&#8221;#ffffff&#8221;]<\/p>\n<p>\u00a0Ofrecemos clases de m\u00fasica para adultos en todos los niveles. No se necesitan conocimientos previos (e ese caso empezando por un nivel de iniciaci\u00f3n).<\/p>\n<p>El nivel b\u00e1sico y avanzado se destina a los alumnos que quieren ampliar sus conocimientos de teor\u00eda musical y mejorar su t\u00e9cnica tanto como aficionado como de m\u00fasico profesional.<\/p>\n<p>La ense\u00f1anza se personalizar\u00e1 al alumno de manera individual seg\u00fan sus necesidades por\u00a0 nivel y aptitudes.<\/p>\n<p>Ofrecemos tambi\u00e9n la opci\u00f3n de participar en grupos vocales o instrumentales.<\/p>\n<p>&nbsp;<\/p>\n<p>[\/et_pb_toggle][\/et_pb_column][\/et_pb_row][\/et_pb_section][et_pb_section fb_built=&#8221;1&#8243; module_id=&#8221;todaslasedades&#8221; _builder_version=&#8221;4.4.8&#8243; background_color=&#8221;rgba(234,234,234,0.07)&#8221; background_image=&#8221;https:\/\/estudidemusica.cat\/wp-content\/uploads\/2020\/07\/escuela-de-musica.jpg&#8221; parallax=&#8221;on&#8221; parallax_method=&#8221;off&#8221;][et_pb_row _builder_version=&#8221;4.4.8&#8243; custom_margin=&#8221;8em||8em||true|false&#8221;][et_pb_column type=&#8221;4_4&#8243; _builder_version=&#8221;4.4.8&#8243; background_enable_color=&#8221;off&#8221; custom_padding=&#8221;1em||1em||true|false&#8221;][et_pb_text _builder_version=&#8221;4.4.8&#8243; text_text_color=&#8221;#000000&#8243; text_font_size=&#8221;18px&#8221; header_2_text_align=&#8221;center&#8221; header_2_text_color=&#8221;#ffffff&#8221; header_3_font=&#8221;|600||||on|||&#8221; header_3_text_color=&#8221;#c91616&#8243; background_enable_color=&#8221;off&#8221; text_orientation=&#8221;justified&#8221; width=&#8221;90%&#8221; max_width=&#8221;1000px&#8221; module_alignment=&#8221;center&#8221; text_font_size_tablet=&#8221;14px&#8221; text_font_size_phone=&#8221;&#8221; text_font_size_last_edited=&#8221;on|desktop&#8221;]<\/p>\n<h2>Escuela de m\u00fasica a Tarragona L&#8217;Estudi<\/h2>\n<p>[\/et_pb_text][\/et_pb_column][\/et_pb_row][\/et_pb_section][et_pb_section fb_built=&#8221;1&#8243; _builder_version=&#8221;4.4.8&#8243; custom_padding=&#8221;0px||0px|||&#8221;][et_pb_row _builder_version=&#8221;4.4.8&#8243; width=&#8221;100%&#8221; max_width=&#8221;100%&#8221; custom_padding=&#8221;0px||0px||false|false&#8221;][et_pb_column type=&#8221;4_4&#8243; _builder_version=&#8221;4.4.8&#8243;][et_pb_cta title=&#8221;Contacta con nosotros para m\u00e1s informaci\u00f3n e inscripciones&#8221; button_url=&#8221;\/contacto\/&#8221; button_text=&#8221;Contacto escuela de m\u00fasica Tarragona&#8221; _builder_version=&#8221;4.4.8&#8243; background_color=&#8221;#89222c&#8221; custom_button=&#8221;on&#8221; button_border_width=&#8221;1px&#8221; button_bg_color__hover_enabled=&#8221;on|hover&#8221; button_bg_color__hover=&#8221;#ffffff&#8221; button_bg_enable_color__hover=&#8221;on&#8221; button_border_width__hover_enabled=&#8221;on|desktop&#8221; button_border_width__hover=&#8221;0px&#8221; button_text_color__hover_enabled=&#8221;on|hover&#8221; button_text_color__hover=&#8221;#000000&#8243;][\/et_pb_cta][\/et_pb_column][\/et_pb_row][\/et_pb_section]<\/p>\n","protected":false},"excerpt":{"rendered":"<p>M\u00e1s de formando\u00a0[divienhancer_flipBox _builder_version=&#8221;4.4.8&#8243;][divienhancer_flipBoxChild identifier=&#8221;cara1&#8243; _builder_version=&#8221;4.4.8&#8243; background_color=&#8221;#282828&#8243; background_enable_color=&#8221;on&#8221; background_image=&#8221;https:\/\/estudidemusica.cat\/wp-content\/uploads\/2020\/06\/logo-lletres-petit-sombra-1.png&#8221; background_enable_image=&#8221;on&#8221; background_size=&#8221;contain&#8221; background_blend=&#8221;screen&#8221; custom_button=&#8221;on&#8221; button_text_size=&#8221;15px&#8221; button_text_color=&#8221;#000000&#8243; button_bg_color=&#8221;#e02b20&#8243; custom_padding=&#8221;154px||154px||true|false&#8221;]L&#8217;estudi L&#8217;estudi[\/divienhancer_flipBoxChild][divienhancer_flipBoxChild _builder_version=&#8221;4.4.8&#8243; background_color=&#8221;#43204c&#8221; background_enable_color=&#8221;on&#8221; background_enable_image=&#8221;off&#8221; text_orientation=&#8221;justified&#8221; custom_padding=&#8221;2em|2em|2em|2em|true|true&#8221;]Somos unea escuela de m\u00fasica fundada en el a\u00f1o 1985. Orientamos nuestras clases tanto al alumnado que quiere dedicarse a la m\u00fasica de manera profesional como los que quieren disfrutar de la [&hellip;]<\/p>\n","protected":false},"author":1,"featured_media":0,"parent":0,"menu_order":0,"comment_status":"closed","ping_status":"closed","template":"","meta":{"_et_pb_use_builder":"on","_et_pb_old_content":"","_et_gb_content_width":"","footnotes":""},"class_list":["post-396","page","type-page","status-publish","hentry"],"yoast_head":"<!-- This site is optimized with the Yoast SEO plugin v27.4 - https:\/\/yoast.com\/product\/yoast-seo-wordpress\/ -->\n<title>geotest -Escuela de m\u00fasica en Tarragona | de experiencia<\/title>\n<meta name=\"description\" content=\"L&#039;Estudi - Escuela de m\u00fasica en Tarragona - educaci\u00f3n integral en m\u00fasica cl\u00e1sica y moderna en variedad de instrumentos y estilos de m\u00fasica.\" \/>\n<meta name=\"robots\" content=\"index, follow, max-snippet:-1, max-image-preview:large, max-video-preview:-1\" \/>\n<link rel=\"canonical\" href=\"https:\/\/estudidemusica.cat\/es\/geotest\/\" \/>\n<meta property=\"og:locale\" content=\"es_ES\" \/>\n<meta property=\"og:type\" content=\"article\" \/>\n<meta property=\"og:title\" content=\"geotest -Escuela de m\u00fasica en Tarragona | de experiencia\" \/>\n<meta property=\"og:description\" content=\"L&#039;Estudi - Escuela de m\u00fasica en Tarragona - educaci\u00f3n integral en m\u00fasica cl\u00e1sica y moderna en variedad de instrumentos y estilos de m\u00fasica.\" \/>\n<meta property=\"og:url\" content=\"https:\/\/estudidemusica.cat\/es\/geotest\/\" \/>\n<meta property=\"og:site_name\" content=\"Estudi de musica\" \/>\n<meta property=\"article:modified_time\" content=\"2020-08-13T17:17:47+00:00\" \/>\n<meta name=\"twitter:card\" content=\"summary_large_image\" \/>\n<meta name=\"twitter:label1\" content=\"Tiempo de lectura\" \/>\n\t<meta name=\"twitter:data1\" content=\"21 minutos\" \/>\n<script type=\"application\/ld+json\" class=\"yoast-schema-graph\">{\"@context\":\"https:\\\/\\\/schema.org\",\"@graph\":[{\"@type\":\"WebPage\",\"@id\":\"https:\\\/\\\/estudidemusica.cat\\\/geotest\\\/\",\"url\":\"https:\\\/\\\/estudidemusica.cat\\\/geotest\\\/\",\"name\":\"geotest -Escuela de m\u00fasica en Tarragona | de experiencia\",\"isPartOf\":{\"@id\":\"https:\\\/\\\/estudidemusica.cat\\\/#website\"},\"datePublished\":\"2020-08-13T15:54:58+00:00\",\"dateModified\":\"2020-08-13T17:17:47+00:00\",\"description\":\"L'Estudi - Escuela de m\u00fasica en Tarragona - educaci\u00f3n integral en m\u00fasica cl\u00e1sica y moderna en variedad de instrumentos y estilos de m\u00fasica.\",\"breadcrumb\":{\"@id\":\"https:\\\/\\\/estudidemusica.cat\\\/geotest\\\/#breadcrumb\"},\"inLanguage\":\"es\",\"potentialAction\":[{\"@type\":\"ReadAction\",\"target\":[\"https:\\\/\\\/estudidemusica.cat\\\/geotest\\\/\"]}]},{\"@type\":\"BreadcrumbList\",\"@id\":\"https:\\\/\\\/estudidemusica.cat\\\/geotest\\\/#breadcrumb\",\"itemListElement\":[{\"@type\":\"ListItem\",\"position\":1,\"name\":\"Inici\",\"item\":\"https:\\\/\\\/estudidemusica.cat\\\/\"},{\"@type\":\"ListItem\",\"position\":2,\"name\":\"geotest\"}]},{\"@type\":\"WebSite\",\"@id\":\"https:\\\/\\\/estudidemusica.cat\\\/#website\",\"url\":\"https:\\\/\\\/estudidemusica.cat\\\/\",\"name\":\"Estudi de musica\",\"description\":\"Escola de m\u00fasica de tarragona amb m\u00e9s de 25 anys, autoritzada per la Generalitat.\",\"potentialAction\":[{\"@type\":\"SearchAction\",\"target\":{\"@type\":\"EntryPoint\",\"urlTemplate\":\"https:\\\/\\\/estudidemusica.cat\\\/?s={search_term_string}\"},\"query-input\":{\"@type\":\"PropertyValueSpecification\",\"valueRequired\":true,\"valueName\":\"search_term_string\"}}],\"inLanguage\":\"es\"}]}<\/script>\n<!-- \/ Yoast SEO plugin. -->","yoast_head_json":{"title":"geotest -Escuela de m\u00fasica en Tarragona | de experiencia","description":"L'Estudi - Escuela de m\u00fasica en Tarragona - educaci\u00f3n integral en m\u00fasica cl\u00e1sica y moderna en variedad de instrumentos y estilos de m\u00fasica.","robots":{"index":"index","follow":"follow","max-snippet":"max-snippet:-1","max-image-preview":"max-image-preview:large","max-video-preview":"max-video-preview:-1"},"canonical":"https:\/\/estudidemusica.cat\/es\/geotest\/","og_locale":"es_ES","og_type":"article","og_title":"geotest -Escuela de m\u00fasica en Tarragona | de experiencia","og_description":"L'Estudi - Escuela de m\u00fasica en Tarragona - educaci\u00f3n integral en m\u00fasica cl\u00e1sica y moderna en variedad de instrumentos y estilos de m\u00fasica.","og_url":"https:\/\/estudidemusica.cat\/es\/geotest\/","og_site_name":"Estudi de musica","article_modified_time":"2020-08-13T17:17:47+00:00","twitter_card":"summary_large_image","twitter_misc":{"Tiempo de lectura":"21 minutos"},"schema":{"@context":"https:\/\/schema.org","@graph":[{"@type":"WebPage","@id":"https:\/\/estudidemusica.cat\/geotest\/","url":"https:\/\/estudidemusica.cat\/geotest\/","name":"geotest -Escuela de m\u00fasica en Tarragona | de experiencia","isPartOf":{"@id":"https:\/\/estudidemusica.cat\/#website"},"datePublished":"2020-08-13T15:54:58+00:00","dateModified":"2020-08-13T17:17:47+00:00","description":"L'Estudi - Escuela de m\u00fasica en Tarragona - educaci\u00f3n integral en m\u00fasica cl\u00e1sica y moderna en variedad de instrumentos y estilos de m\u00fasica.","breadcrumb":{"@id":"https:\/\/estudidemusica.cat\/geotest\/#breadcrumb"},"inLanguage":"es","potentialAction":[{"@type":"ReadAction","target":["https:\/\/estudidemusica.cat\/geotest\/"]}]},{"@type":"BreadcrumbList","@id":"https:\/\/estudidemusica.cat\/geotest\/#breadcrumb","itemListElement":[{"@type":"ListItem","position":1,"name":"Inici","item":"https:\/\/estudidemusica.cat\/"},{"@type":"ListItem","position":2,"name":"geotest"}]},{"@type":"WebSite","@id":"https:\/\/estudidemusica.cat\/#website","url":"https:\/\/estudidemusica.cat\/","name":"Estudi de musica","description":"Escola de m\u00fasica de tarragona amb m\u00e9s de 25 anys, autoritzada per la Generalitat.","potentialAction":[{"@type":"SearchAction","target":{"@type":"EntryPoint","urlTemplate":"https:\/\/estudidemusica.cat\/?s={search_term_string}"},"query-input":{"@type":"PropertyValueSpecification","valueRequired":true,"valueName":"search_term_string"}}],"inLanguage":"es"}]}},"_links":{"self":[{"href":"https:\/\/estudidemusica.cat\/es\/wp-json\/wp\/v2\/pages\/396","targetHints":{"allow":["GET"]}}],"collection":[{"href":"https:\/\/estudidemusica.cat\/es\/wp-json\/wp\/v2\/pages"}],"about":[{"href":"https:\/\/estudidemusica.cat\/es\/wp-json\/wp\/v2\/types\/page"}],"author":[{"embeddable":true,"href":"https:\/\/estudidemusica.cat\/es\/wp-json\/wp\/v2\/users\/1"}],"replies":[{"embeddable":true,"href":"https:\/\/estudidemusica.cat\/es\/wp-json\/wp\/v2\/comments?post=396"}],"version-history":[{"count":8,"href":"https:\/\/estudidemusica.cat\/es\/wp-json\/wp\/v2\/pages\/396\/revisions"}],"predecessor-version":[{"id":418,"href":"https:\/\/estudidemusica.cat\/es\/wp-json\/wp\/v2\/pages\/396\/revisions\/418"}],"wp:attachment":[{"href":"https:\/\/estudidemusica.cat\/es\/wp-json\/wp\/v2\/media?parent=396"}],"curies":[{"name":"wp","href":"https:\/\/api.w.org\/{rel}","templated":true}]}}